{"id":987511284,"date":"2024-10-22T14:34:57","date_gmt":"2024-10-22T12:34:57","guid":{"rendered":"https:\/\/formation-a-distance-dpc-idel.fr\/?page_id=987511284"},"modified":"2025-09-04T18:08:29","modified_gmt":"2025-09-04T16:08:29","slug":"formation-dpc-en-ligne","status":"publish","type":"page","link":"https:\/\/formation-a-distance-dpc-idel.fr\/index.php\/formation-dpc-en-ligne\/","title":{"rendered":"Formation dpc en ligne"},"content":{"rendered":"<p>[et_pb_section fb_built=\u00a0\u00bb1&Prime; _builder_version=\u00a0\u00bb4.23.1&Prime; _module_preset=\u00a0\u00bbdefault\u00a0\u00bb background_enable_image=\u00a0\u00bboff\u00a0\u00bb background_enable_mask_style=\u00a0\u00bbon\u00a0\u00bb background_mask_style=\u00a0\u00bbcorner-blob\u00a0\u00bb background_mask_color=\u00a0\u00bbgcid-18fb4515-6598-4c8e-ba5e-c06c3f5797ca\u00a0\u00bb background_mask_transform=\u00a0\u00bbflip_horizontal\u00a0\u00bb custom_padding=\u00a0\u00bb16px||55px|||\u00a0\u00bb bottom_divider_style=\u00a0\u00bbwaves\u00a0\u00bb bottom_divider_color=\u00a0\u00bb#FFFFFF\u00a0\u00bb bottom_divider_height=\u00a0\u00bb38px\u00a0\u00bb global_colors_info=\u00a0\u00bb{%22gcid-18fb4515-6598-4c8e-ba5e-c06c3f5797ca%22:%91%22background_mask_color%22%93}\u00a0\u00bb][et_pb_row column_structure=\u00a0\u00bb2_3,1_3&Prime; custom_padding_last_edited=\u00a0\u00bbon|desktop\u00a0\u00bb _builder_version=\u00a0\u00bb4.23.1&Prime; background_enable_color=\u00a0\u00bboff\u00a0\u00bb background_enable_image=\u00a0\u00bboff\u00a0\u00bb background_size=\u00a0\u00bbinitial\u00a0\u00bb background_position=\u00a0\u00bbbottom_right\u00a0\u00bb max_width=\u00a0\u00bb1140px\u00a0\u00bb overflow-x=\u00a0\u00bbvisible\u00a0\u00bb overflow-y=\u00a0\u00bbvisible\u00a0\u00bb custom_margin=\u00a0\u00bb|auto|-57px|-2px||\u00a0\u00bb custom_padding=\u00a0\u00bb0px|60px|40px|60px|false|true\u00a0\u00bb custom_padding_tablet=\u00a0\u00bb40px|30px||30px||true\u00a0\u00bb custom_padding_phone=\u00a0\u00bb\u00a0\u00bb border_radii=\u00a0\u00bbon|10px|10px|10px|10px\u00a0\u00bb locked=\u00a0\u00bboff\u00a0\u00bb global_colors_info=\u00a0\u00bb{}\u00a0\u00bb][et_pb_column type=\u00a0\u00bb2_3&Prime; _builder_version=\u00a0\u00bb4.23.1&Prime; custom_padding=\u00a0\u00bb100px|||\u00a0\u00bb custom_padding_tablet=\u00a0\u00bb0px||\u00a0\u00bb custom_padding_phone=\u00a0\u00bb\u00a0\u00bb custom_padding_last_edited=\u00a0\u00bbon|desktop\u00a0\u00bb global_colors_info=\u00a0\u00bb{}\u00a0\u00bb custom_padding__hover=\u00a0\u00bb|||\u00a0\u00bb][et_pb_text _builder_version=\u00a0\u00bb4.23.1&Prime; _module_preset=\u00a0\u00bbb6cb9bd8-0fbd-4699-b58d-51b3d480db23&Prime; header_2_font=\u00a0\u00bbPoppins|600|||||||\u00a0\u00bb header_2_text_color=\u00a0\u00bbgcid-ad9f61b1-6eff-4eff-9809-01ab40ff35a5&Prime; header_2_font_size=\u00a0\u00bb52px\u00a0\u00bb header_2_line_height=\u00a0\u00bb1.3em\u00a0\u00bb custom_margin=\u00a0\u00bb||10px||false|false\u00a0\u00bb header_2_font_size_tablet=\u00a0\u00bb32px\u00a0\u00bb header_2_font_size_phone=\u00a0\u00bb30px\u00a0\u00bb header_2_font_size_last_edited=\u00a0\u00bbon|phone\u00a0\u00bb header_2_line_height_tablet=\u00a0\u00bb1.4em\u00a0\u00bb header_2_line_height_phone=\u00a0\u00bb1.6em\u00a0\u00bb header_2_line_height_last_edited=\u00a0\u00bbon|tablet\u00a0\u00bb locked=\u00a0\u00bboff\u00a0\u00bb global_colors_info=\u00a0\u00bb{%22gcid-ad9f61b1-6eff-4eff-9809-01ab40ff35a5%22:%91%22header_2_text_color%22%93}\u00a0\u00bb]<\/p>\n<h2>Formation DPC IDEL E-learning en ligne.<\/h2>\n<p>[\/et_pb_text][et_pb_text _builder_version=\u00a0\u00bb4.23.1&Prime; _module_preset=\u00a0\u00bbdefault\u00a0\u00bb text_font=\u00a0\u00bbPoppins||||||||\u00a0\u00bb text_text_color=\u00a0\u00bb#000000&Prime; text_font_size=\u00a0\u00bb15px\u00a0\u00bb global_colors_info=\u00a0\u00bb{}\u00a0\u00bb]<\/p>\n<p><strong>MEDEO Formation<\/strong>, vous propose une formation compl\u00e8te en e-learning et \u00e0 distance pour infirmier infirmi\u00e8re. Formation en ligne et en vid\u00e9o, vous vous formez \u00e0 distance.<\/p>\n<p>Cette formation est accessible aux infirmiers lib\u00e9raux \u00e9ligible au FIF-PL, financement personnel et DPC.<br \/><em>*sous r\u00e9serve de l\u2019enveloppe budg\u00e9taire et de votre droit \u00e0 tirage annuel.<\/em><\/p>\n<p>[\/et_pb_text][\/et_pb_column][et_pb_column type=\u00a0\u00bb1_3&Prime; _builder_version=\u00a0\u00bb4.23.1&Prime; custom_padding=\u00a0\u00bb|||\u00a0\u00bb global_colors_info=\u00a0\u00bb{}\u00a0\u00bb custom_padding__hover=\u00a0\u00bb|||\u00a0\u00bb][et_pb_image src=\u00a0\u00bbhttps:\/\/formation-a-distance-dpc-idel.fr\/wp-content\/uploads\/2024\/10\/Design-sans-titre-54.png\u00a0\u00bb alt=\u00a0\u00bbMedeo formation\u00a0\u00bb title_text=\u00a0\u00bbMedeo formation\u00a0\u00bb _builder_version=\u00a0\u00bb4.23.1&Prime; width_last_edited=\u00a0\u00bboff|tablet\u00a0\u00bb max_width_tablet=\u00a0\u00bb400px\u00a0\u00bb max_width_phone=\u00a0\u00bb\u00a0\u00bb max_width_last_edited=\u00a0\u00bbon|desktop\u00a0\u00bb custom_margin=\u00a0\u00bb-10.4%|-14vw|-30%|||\u00a0\u00bb custom_margin_tablet=\u00a0\u00bb0%|0vw||\u00a0\u00bb custom_margin_phone=\u00a0\u00bb\u00a0\u00bb custom_margin_last_edited=\u00a0\u00bbon|desktop\u00a0\u00bb locked=\u00a0\u00bboff\u00a0\u00bb global_colors_info=\u00a0\u00bb{}\u00a0\u00bb][\/et_pb_image][\/et_pb_column][\/et_pb_row][\/et_pb_section][et_pb_section fb_built=\u00a0\u00bb1&Prime; _builder_version=\u00a0\u00bb4.23.1&Prime; _module_preset=\u00a0\u00bbdefault\u00a0\u00bb global_colors_info=\u00a0\u00bb{}\u00a0\u00bb][et_pb_row column_structure=\u00a0\u00bb1_2,1_2&Prime; make_equal=\u00a0\u00bbon\u00a0\u00bb _builder_version=\u00a0\u00bb4.23.1&Prime; _module_preset=\u00a0\u00bbdefault\u00a0\u00bb global_colors_info=\u00a0\u00bb{}\u00a0\u00bb][et_pb_column type=\u00a0\u00bb1_2&Prime; _builder_version=\u00a0\u00bb4.23.1&Prime; _module_preset=\u00a0\u00bbdefault\u00a0\u00bb background_enable_color=\u00a0\u00bboff\u00a0\u00bb custom_padding=\u00a0\u00bb14px|8px|14px|8px|true|true\u00a0\u00bb box_shadow_style=\u00a0\u00bbpreset2&Prime; global_colors_info=\u00a0\u00bb{}\u00a0\u00bb][et_pb_text _builder_version=\u00a0\u00bb4.23.1&Prime; _module_preset=\u00a0\u00bbdefault\u00a0\u00bb text_font=\u00a0\u00bb|600||on|||||\u00a0\u00bb text_text_color=\u00a0\u00bb#FFFFFF\u00a0\u00bb background_color=\u00a0\u00bbgcid-18fb4515-6598-4c8e-ba5e-c06c3f5797ca\u00a0\u00bb text_orientation=\u00a0\u00bbcenter\u00a0\u00bb global_colors_info=\u00a0\u00bb{%22gcid-18fb4515-6598-4c8e-ba5e-c06c3f5797ca%22:%91%22background_color%22%93}\u00a0\u00bb]<\/p>\n<p>GESTION DE LA VIOLENCE ET DE L\u2019AGRESSIVIT\u00c9 DES PATIENTS ET DE LEUR ENTOURAGE<\/p>\n<p>[\/et_pb_text][et_pb_video src=\u00a0\u00bbhttps:\/\/www.youtube.com\/shorts\/IvW0uwDD3gY?feature=shareeW91dHViZS5jb20vc2hvcnRzL0l2VzB1d0REM2dZP2ZlYXR1cmU9c2hhcmU\u00a0\u00bb play_icon_color=\u00a0\u00bbRGBA(255,255,255,0)\u00a0\u00bb _builder_version=\u00a0\u00bb4.23.1&Prime; _module_preset=\u00a0\u00bbdefault\u00a0\u00bb global_colors_info=\u00a0\u00bb{}\u00a0\u00bb][\/et_pb_video][et_pb_button button_url=\u00a0\u00bbhttps:\/\/medeo-formation.catalogueformpro.com\/6\/e-learning\/1632382\/2023-2025-e-learning-gestion-de-la-violence-et-de-lagressivite-des-patients-et-de-leur-entourage-fc\u00a0\u00bb button_text=\u00a0\u00bbEn savoir plus\u00a0\u00bb button_alignment=\u00a0\u00bbcenter\u00a0\u00bb _builder_version=\u00a0\u00bb4.23.1&Prime; _module_preset=\u00a0\u00bbdefault\u00a0\u00bb global_colors_info=\u00a0\u00bb{}\u00a0\u00bb][\/et_pb_button][et_pb_button button_url=\u00a0\u00bbhttps:\/\/medeo-formation.catalogueformpro.com\/6\/e-learning\/1632382\/2023-2025-e-learning-gestion-de-la-violence-et-de-lagressivite-des-patients-et-de-leur-entourage-fc\/registration\u00a0\u00bb button_text=\u00a0\u00bbInscription\u00a0\u00bb button_alignment=\u00a0\u00bbcenter\u00a0\u00bb _builder_version=\u00a0\u00bb4.23.1&Prime; _module_preset=\u00a0\u00bbdefault\u00a0\u00bb global_colors_info=\u00a0\u00bb{}\u00a0\u00bb][\/et_pb_button][\/et_pb_column][et_pb_column type=\u00a0\u00bb1_2&Prime; _builder_version=\u00a0\u00bb4.23.1&Prime; _module_preset=\u00a0\u00bbdefault\u00a0\u00bb background_enable_color=\u00a0\u00bboff\u00a0\u00bb custom_padding=\u00a0\u00bb14px|8px|14px|8px|true|true\u00a0\u00bb box_shadow_style=\u00a0\u00bbpreset2&Prime; global_colors_info=\u00a0\u00bb{}\u00a0\u00bb][et_pb_text _builder_version=\u00a0\u00bb4.23.1&Prime; _module_preset=\u00a0\u00bbdefault\u00a0\u00bb text_font=\u00a0\u00bb|600||on|||||\u00a0\u00bb text_text_color=\u00a0\u00bb#FFFFFF\u00a0\u00bb background_color=\u00a0\u00bbgcid-18fb4515-6598-4c8e-ba5e-c06c3f5797ca\u00a0\u00bb text_orientation=\u00a0\u00bbcenter\u00a0\u00bb global_colors_info=\u00a0\u00bb{%22gcid-18fb4515-6598-4c8e-ba5e-c06c3f5797ca%22:%91%22background_color%22%93}\u00a0\u00bb]<\/p>\n<p>PROMOTION DE LA VACCINATION ET AM\u00c9LIORATION DE LA COUVERTURE VACCINALE<\/p>\n<p>[\/et_pb_text][et_pb_video src=\u00a0\u00bbhttps:\/\/www.youtube.com\/shorts\/mnoBEM40lxE?feature=share\u00a0\u00bb play_icon_color=\u00a0\u00bbRGBA(255,255,255,0)\u00a0\u00bb _builder_version=\u00a0\u00bb4.23.1&Prime; _module_preset=\u00a0\u00bbdefault\u00a0\u00bb global_colors_info=\u00a0\u00bb{}\u00a0\u00bb][\/et_pb_video][et_pb_button button_url=\u00a0\u00bbhttps:\/\/medeo-formation.catalogueformpro.com\/6\/e-learning\/1522905\/2023-2025-e-learning-ide-promotion-de-la-vaccination-et-amelioration-de-la-couverture-vaccinale-modu\u00a0\u00bb button_text=\u00a0\u00bbEn savoir plus\u00a0\u00bb button_alignment=\u00a0\u00bbcenter\u00a0\u00bb _builder_version=\u00a0\u00bb4.23.1&Prime; _module_preset=\u00a0\u00bbdefault\u00a0\u00bb global_colors_info=\u00a0\u00bb{}\u00a0\u00bb][\/et_pb_button][et_pb_button button_url=\u00a0\u00bbhttps:\/\/medeo-formation.catalogueformpro.com\/6\/e-learning\/1522905\/2023-2025-e-learning-ide-promotion-de-la-vaccination-et-amelioration-de-la-couverture-vaccinale-modu\/registration\u00a0\u00bb button_text=\u00a0\u00bbInscription\u00a0\u00bb button_alignment=\u00a0\u00bbcenter\u00a0\u00bb _builder_version=\u00a0\u00bb4.23.1&Prime; _module_preset=\u00a0\u00bbdefault\u00a0\u00bb global_colors_info=\u00a0\u00bb{}\u00a0\u00bb][\/et_pb_button][\/et_pb_column][\/et_pb_row][et_pb_row column_structure=\u00a0\u00bb1_2,1_2&Prime; make_equal=\u00a0\u00bbon\u00a0\u00bb _builder_version=\u00a0\u00bb4.23.1&Prime; _module_preset=\u00a0\u00bbdefault\u00a0\u00bb global_colors_info=\u00a0\u00bb{}\u00a0\u00bb][et_pb_column type=\u00a0\u00bb1_2&Prime; _builder_version=\u00a0\u00bb4.23.1&Prime; _module_preset=\u00a0\u00bbdefault\u00a0\u00bb background_enable_color=\u00a0\u00bboff\u00a0\u00bb custom_padding=\u00a0\u00bb14px|8px|14px|8px|true|true\u00a0\u00bb box_shadow_style=\u00a0\u00bbpreset2&Prime; global_colors_info=\u00a0\u00bb{}\u00a0\u00bb][et_pb_text _builder_version=\u00a0\u00bb4.23.1&Prime; _module_preset=\u00a0\u00bbdefault\u00a0\u00bb text_font=\u00a0\u00bb|600||on|||||\u00a0\u00bb text_text_color=\u00a0\u00bb#FFFFFF\u00a0\u00bb background_color=\u00a0\u00bbgcid-18fb4515-6598-4c8e-ba5e-c06c3f5797ca\u00a0\u00bb text_orientation=\u00a0\u00bbcenter\u00a0\u00bb global_colors_info=\u00a0\u00bb{%22gcid-18fb4515-6598-4c8e-ba5e-c06c3f5797ca%22:%91%22background_color%22%93}\u00a0\u00bb]<\/p>\n<p>LE NUM\u00c9RIQUE EN SANT\u00c9 : UTILISATION APPROPRI\u00c9E DES OUTILS INFORMATIS\u00c9S DE COORDINATION, ET DE T\u00c9L\u00c9SANT\u00c9<\/p>\n<p>[\/et_pb_text][et_pb_video src=\u00a0\u00bbhttps:\/\/www.youtube.com\/watch?v=jmVLhzxH9Is&#038;feature=youtu.be\u00a0\u00bb play_icon_color=\u00a0\u00bbRGBA(255,255,255,0)\u00a0\u00bb _builder_version=\u00a0\u00bb4.23.1&Prime; _module_preset=\u00a0\u00bbdefault\u00a0\u00bb global_colors_info=\u00a0\u00bb{}\u00a0\u00bb][\/et_pb_video][et_pb_button button_url=\u00a0\u00bbhttps:\/\/medeo-formation.catalogueformpro.com\/6\/e-learning\/1113334\/2023-2025-e-learning-le-numerique-en-sante-utilisation-appropriee-des-outils-informatises-de-coordin\u00a0\u00bb button_text=\u00a0\u00bbEn savoir plus\u00a0\u00bb button_alignment=\u00a0\u00bbcenter\u00a0\u00bb _builder_version=\u00a0\u00bb4.23.1&Prime; _module_preset=\u00a0\u00bbdefault\u00a0\u00bb global_colors_info=\u00a0\u00bb{}\u00a0\u00bb][\/et_pb_button][et_pb_button button_url=\u00a0\u00bbhttps:\/\/medeo-formation.catalogueformpro.com\/6\/e-learning\/1113334\/2023-2025-e-learning-le-numerique-en-sante-utilisation-appropriee-des-outils-informatises-de-coordin\/registration\u00a0\u00bb button_text=\u00a0\u00bbInscription\u00a0\u00bb button_alignment=\u00a0\u00bbcenter\u00a0\u00bb _builder_version=\u00a0\u00bb4.23.1&Prime; _module_preset=\u00a0\u00bbdefault\u00a0\u00bb global_colors_info=\u00a0\u00bb{}\u00a0\u00bb][\/et_pb_button][\/et_pb_column][et_pb_column type=\u00a0\u00bb1_2&Prime; _builder_version=\u00a0\u00bb4.23.1&Prime; _module_preset=\u00a0\u00bbdefault\u00a0\u00bb background_enable_color=\u00a0\u00bboff\u00a0\u00bb custom_padding=\u00a0\u00bb14px|8px|14px|8px|true|true\u00a0\u00bb box_shadow_style=\u00a0\u00bbpreset2&Prime; global_colors_info=\u00a0\u00bb{}\u00a0\u00bb][et_pb_text _builder_version=\u00a0\u00bb4.23.1&Prime; _module_preset=\u00a0\u00bbdefault\u00a0\u00bb text_font=\u00a0\u00bb|600||on|||||\u00a0\u00bb text_text_color=\u00a0\u00bb#FFFFFF\u00a0\u00bb background_color=\u00a0\u00bbgcid-18fb4515-6598-4c8e-ba5e-c06c3f5797ca\u00a0\u00bb text_orientation=\u00a0\u00bbcenter\u00a0\u00bb global_colors_info=\u00a0\u00bb{%22gcid-18fb4515-6598-4c8e-ba5e-c06c3f5797ca%22:%91%22background_color%22%93}\u00a0\u00bb]<\/p>\n<p>LE SEVRAGE TABAGIQUE DU PATIENT SUIVI PAR UNE INFIRMI\u00c8RE LIB\u00c9RALE<\/p>\n<p>[\/et_pb_text][et_pb_video src=\u00a0\u00bbhttps:\/\/www.youtube.com\/shorts\/b31FGPPXArg?feature=share\u00a0\u00bb play_icon_color=\u00a0\u00bbRGBA(255,255,255,0)\u00a0\u00bb _builder_version=\u00a0\u00bb4.23.1&Prime; _module_preset=\u00a0\u00bbdefault\u00a0\u00bb global_colors_info=\u00a0\u00bb{}\u00a0\u00bb][\/et_pb_video][et_pb_button button_url=\u00a0\u00bbhttps:\/\/medeo-formation.catalogueformpro.com\/6\/e-learning\/1228377\/2023-2025-e-learning-le-sevrage-tabagique-du-patient-suivi-par-une-infirmiere-liberale-fc\u00a0\u00bb button_text=\u00a0\u00bbEn savoir plus\u00a0\u00bb button_alignment=\u00a0\u00bbcenter\u00a0\u00bb _builder_version=\u00a0\u00bb4.23.1&Prime; _module_preset=\u00a0\u00bbdefault\u00a0\u00bb global_colors_info=\u00a0\u00bb{}\u00a0\u00bb][\/et_pb_button][et_pb_button button_url=\u00a0\u00bbhttps:\/\/medeo-formation.catalogueformpro.com\/6\/e-learning\/1228377\/2023-2025-e-learning-le-sevrage-tabagique-du-patient-suivi-par-une-infirmiere-liberale-fc\/registration\u00a0\u00bb button_text=\u00a0\u00bbInscription\u00a0\u00bb button_alignment=\u00a0\u00bbcenter\u00a0\u00bb _builder_version=\u00a0\u00bb4.23.1&Prime; _module_preset=\u00a0\u00bbdefault\u00a0\u00bb global_colors_info=\u00a0\u00bb{}\u00a0\u00bb][\/et_pb_button][\/et_pb_column][\/et_pb_row][et_pb_row column_structure=\u00a0\u00bb1_2,1_2&Prime; make_equal=\u00a0\u00bbon\u00a0\u00bb _builder_version=\u00a0\u00bb4.23.1&Prime; _module_preset=\u00a0\u00bbdefault\u00a0\u00bb global_colors_info=\u00a0\u00bb{}\u00a0\u00bb][et_pb_column type=\u00a0\u00bb1_2&Prime; _builder_version=\u00a0\u00bb4.23.1&Prime; _module_preset=\u00a0\u00bbdefault\u00a0\u00bb background_enable_color=\u00a0\u00bboff\u00a0\u00bb custom_padding=\u00a0\u00bb14px|8px|14px|8px|true|true\u00a0\u00bb box_shadow_style=\u00a0\u00bbpreset2&Prime; global_colors_info=\u00a0\u00bb{}\u00a0\u00bb][et_pb_text _builder_version=\u00a0\u00bb4.23.1&Prime; _module_preset=\u00a0\u00bbdefault\u00a0\u00bb text_font=\u00a0\u00bb|600||on|||||\u00a0\u00bb text_text_color=\u00a0\u00bb#FFFFFF\u00a0\u00bb background_color=\u00a0\u00bbgcid-18fb4515-6598-4c8e-ba5e-c06c3f5797ca\u00a0\u00bb text_orientation=\u00a0\u00bbcenter\u00a0\u00bb global_colors_info=\u00a0\u00bb{%22gcid-18fb4515-6598-4c8e-ba5e-c06c3f5797ca%22:%91%22background_color%22%93}\u00a0\u00bb]<\/p>\n<p>SOINS ET SUIVI DES PATIENTS PORTEURS DE PLAIES<\/p>\n<p>[\/et_pb_text][et_pb_video src=\u00a0\u00bbhttps:\/\/www.youtube.com\/watch?v=83X7JoN_p5o&#038;ab_channel=MEDEOFORMATION\u00a0\u00bb play_icon_color=\u00a0\u00bbRGBA(255,255,255,0)\u00a0\u00bb _builder_version=\u00a0\u00bb4.23.1&Prime; _module_preset=\u00a0\u00bbdefault\u00a0\u00bb global_colors_info=\u00a0\u00bb{}\u00a0\u00bb][\/et_pb_video][et_pb_button button_url=\u00a0\u00bbhttps:\/\/medeo-formation.catalogueformpro.com\/6\/e-learning\/1083596\/2023-2025-e-learning-soins-et-suivi-des-patients-porteurs-de-plaies-fc\u00a0\u00bb button_text=\u00a0\u00bbEn savoir plus\u00a0\u00bb button_alignment=\u00a0\u00bbcenter\u00a0\u00bb _builder_version=\u00a0\u00bb4.23.1&Prime; _module_preset=\u00a0\u00bbdefault\u00a0\u00bb global_colors_info=\u00a0\u00bb{}\u00a0\u00bb][\/et_pb_button][et_pb_button button_url=\u00a0\u00bbhttps:\/\/medeo-formation.catalogueformpro.com\/6\/e-learning\/1083596\/2023-2025-e-learning-soins-et-suivi-des-patients-porteurs-de-plaies-fc\/registration\u00a0\u00bb button_text=\u00a0\u00bbInscription\u00a0\u00bb button_alignment=\u00a0\u00bbcenter\u00a0\u00bb _builder_version=\u00a0\u00bb4.23.1&Prime; _module_preset=\u00a0\u00bbdefault\u00a0\u00bb global_colors_info=\u00a0\u00bb{}\u00a0\u00bb][\/et_pb_button][\/et_pb_column][et_pb_column type=\u00a0\u00bb1_2&Prime; _builder_version=\u00a0\u00bb4.23.1&Prime; _module_preset=\u00a0\u00bbdefault\u00a0\u00bb background_enable_color=\u00a0\u00bboff\u00a0\u00bb custom_padding=\u00a0\u00bb14px|8px|14px|8px|true|true\u00a0\u00bb box_shadow_style=\u00a0\u00bbpreset2&Prime; global_colors_info=\u00a0\u00bb{}\u00a0\u00bb][et_pb_text _builder_version=\u00a0\u00bb4.23.1&Prime; _module_preset=\u00a0\u00bbdefault\u00a0\u00bb text_font=\u00a0\u00bb|600||on|||||\u00a0\u00bb text_text_color=\u00a0\u00bb#FFFFFF\u00a0\u00bb background_color=\u00a0\u00bbgcid-18fb4515-6598-4c8e-ba5e-c06c3f5797ca\u00a0\u00bb text_orientation=\u00a0\u00bbcenter\u00a0\u00bb global_colors_info=\u00a0\u00bb{%22gcid-18fb4515-6598-4c8e-ba5e-c06c3f5797ca%22:%91%22background_color%22%93}\u00a0\u00bb]<\/p>\n<p>NGAP ET LA COTATION DES ACTES INFIRMIERS<\/p>\n<p>[\/et_pb_text][et_pb_video src=\u00a0\u00bbhttps:\/\/www.youtube.com\/shorts\/ogBzpw6JyCw\u00a0\u00bb play_icon_color=\u00a0\u00bbRGBA(255,255,255,0)\u00a0\u00bb _builder_version=\u00a0\u00bb4.23.1&Prime; _module_preset=\u00a0\u00bbdefault\u00a0\u00bb global_colors_info=\u00a0\u00bb{}\u00a0\u00bb][\/et_pb_video][et_pb_button button_url=\u00a0\u00bbhttps:\/\/medeo-formation.catalogueformpro.com\/6\/e-learning\/1228356\/2023-2025-e-learning-ngap-et-la-cotation-des-actes-infirmiers\u00a0\u00bb button_text=\u00a0\u00bbEn savoir plus\u00a0\u00bb button_alignment=\u00a0\u00bbcenter\u00a0\u00bb _builder_version=\u00a0\u00bb4.23.1&Prime; _module_preset=\u00a0\u00bbdefault\u00a0\u00bb global_colors_info=\u00a0\u00bb{}\u00a0\u00bb][\/et_pb_button][et_pb_button button_url=\u00a0\u00bbhttps:\/\/medeo-formation.catalogueformpro.com\/6\/e-learning\/1228356\/2023-2025-e-learning-ngap-et-la-cotation-des-actes-infirmiers\/registration\u00a0\u00bb button_text=\u00a0\u00bbInscription\u00a0\u00bb button_alignment=\u00a0\u00bbcenter\u00a0\u00bb _builder_version=\u00a0\u00bb4.23.1&Prime; _module_preset=\u00a0\u00bbdefault\u00a0\u00bb global_colors_info=\u00a0\u00bb{}\u00a0\u00bb][\/et_pb_button][\/et_pb_column][\/et_pb_row][et_pb_row column_structure=\u00a0\u00bb1_2,1_2&Prime; make_equal=\u00a0\u00bbon\u00a0\u00bb _builder_version=\u00a0\u00bb4.23.1&Prime; _module_preset=\u00a0\u00bbdefault\u00a0\u00bb global_colors_info=\u00a0\u00bb{}\u00a0\u00bb][et_pb_column type=\u00a0\u00bb1_2&Prime; _builder_version=\u00a0\u00bb4.23.1&Prime; _module_preset=\u00a0\u00bbdefault\u00a0\u00bb background_enable_color=\u00a0\u00bboff\u00a0\u00bb custom_padding=\u00a0\u00bb14px|8px|14px|8px|true|true\u00a0\u00bb box_shadow_style=\u00a0\u00bbpreset2&Prime; global_colors_info=\u00a0\u00bb{}\u00a0\u00bb][et_pb_text _builder_version=\u00a0\u00bb4.23.1&Prime; _module_preset=\u00a0\u00bbdefault\u00a0\u00bb text_font=\u00a0\u00bb|600||on|||||\u00a0\u00bb text_text_color=\u00a0\u00bb#FFFFFF\u00a0\u00bb background_color=\u00a0\u00bbgcid-18fb4515-6598-4c8e-ba5e-c06c3f5797ca\u00a0\u00bb text_orientation=\u00a0\u00bbcenter\u00a0\u00bb global_colors_info=\u00a0\u00bb{%22gcid-18fb4515-6598-4c8e-ba5e-c06c3f5797ca%22:%91%22background_color%22%93}\u00a0\u00bb]<\/p>\n<p>L&rsquo;INFIRMI\u00c8RE FACE AUX CONDUITES ADDICTIVES<\/p>\n<p>[\/et_pb_text][et_pb_video src=\u00a0\u00bbhttps:\/\/www.youtube.com\/watch?v=l3OzOVHpiSY&#038;feature=youtu.be\u00a0\u00bb play_icon_color=\u00a0\u00bbRGBA(255,255,255,0)\u00a0\u00bb _builder_version=\u00a0\u00bb4.23.1&Prime; _module_preset=\u00a0\u00bbdefault\u00a0\u00bb global_colors_info=\u00a0\u00bb{}\u00a0\u00bb][\/et_pb_video][et_pb_button button_url=\u00a0\u00bbhttps:\/\/medeo-formation.catalogueformpro.com\/6\/e-learning\/1228310\/2023-2025-e-learning-linfirmiere-face-aux-conduites-addictives-fc\u00a0\u00bb button_text=\u00a0\u00bbEn savoir plus\u00a0\u00bb button_alignment=\u00a0\u00bbcenter\u00a0\u00bb _builder_version=\u00a0\u00bb4.23.1&Prime; _module_preset=\u00a0\u00bbdefault\u00a0\u00bb global_colors_info=\u00a0\u00bb{}\u00a0\u00bb][\/et_pb_button][et_pb_button button_url=\u00a0\u00bbhttps:\/\/medeo-formation.catalogueformpro.com\/6\/e-learning\/1113334\/2023-2025-e-learning-le-numerique-en-sante-utilisation-appropriee-des-outils-informatises-de-coordin\/registration\u00a0\u00bb button_text=\u00a0\u00bbInscription\u00a0\u00bb button_alignment=\u00a0\u00bbcenter\u00a0\u00bb _builder_version=\u00a0\u00bb4.23.1&Prime; _module_preset=\u00a0\u00bbdefault\u00a0\u00bb global_colors_info=\u00a0\u00bb{}\u00a0\u00bb][\/et_pb_button][\/et_pb_column][et_pb_column type=\u00a0\u00bb1_2&Prime; _builder_version=\u00a0\u00bb4.23.1&Prime; _module_preset=\u00a0\u00bbdefault\u00a0\u00bb background_enable_color=\u00a0\u00bboff\u00a0\u00bb custom_padding=\u00a0\u00bb14px|8px|14px|8px|true|true\u00a0\u00bb box_shadow_style=\u00a0\u00bbpreset2&Prime; global_colors_info=\u00a0\u00bb{}\u00a0\u00bb][et_pb_text _builder_version=\u00a0\u00bb4.23.1&Prime; _module_preset=\u00a0\u00bbdefault\u00a0\u00bb text_font=\u00a0\u00bb|600||on|||||\u00a0\u00bb text_text_color=\u00a0\u00bb#FFFFFF\u00a0\u00bb background_color=\u00a0\u00bbgcid-18fb4515-6598-4c8e-ba5e-c06c3f5797ca\u00a0\u00bb text_orientation=\u00a0\u00bbcenter\u00a0\u00bb global_colors_info=\u00a0\u00bb{%22gcid-18fb4515-6598-4c8e-ba5e-c06c3f5797ca%22:%91%22background_color%22%93}\u00a0\u00bb]<\/p>\n<p>PROMOTION DE LA SANT\u00c9 SEXUELLE PAR L\u2019INFIRMIER<\/p>\n<p>[\/et_pb_text][et_pb_video src=\u00a0\u00bbhttps:\/\/www.youtube.com\/shorts\/x0bOtKjO5aM\u00a0\u00bb play_icon_color=\u00a0\u00bbRGBA(255,255,255,0)\u00a0\u00bb _builder_version=\u00a0\u00bb4.23.1&Prime; _module_preset=\u00a0\u00bbdefault\u00a0\u00bb global_colors_info=\u00a0\u00bb{}\u00a0\u00bb][\/et_pb_video][et_pb_button button_url=\u00a0\u00bbhttps:\/\/medeo-formation.catalogueformpro.com\/6\/e-learning\/1228372\/2023-2025-e-learning-promotion-de-la-sante-sexuelle-par-linfirmier-fc\u00a0\u00bb button_text=\u00a0\u00bbEn savoir plus\u00a0\u00bb button_alignment=\u00a0\u00bbcenter\u00a0\u00bb _builder_version=\u00a0\u00bb4.23.1&Prime; _module_preset=\u00a0\u00bbdefault\u00a0\u00bb global_colors_info=\u00a0\u00bb{}\u00a0\u00bb][\/et_pb_button][et_pb_button button_url=\u00a0\u00bbhttps:\/\/medeo-formation.catalogueformpro.com\/6\/e-learning\/1228372\/2023-2025-e-learning-promotion-de-la-sante-sexuelle-par-linfirmier-fc\/registration\u00a0\u00bb button_text=\u00a0\u00bbInscription\u00a0\u00bb button_alignment=\u00a0\u00bbcenter\u00a0\u00bb _builder_version=\u00a0\u00bb4.23.1&Prime; _module_preset=\u00a0\u00bbdefault\u00a0\u00bb global_colors_info=\u00a0\u00bb{}\u00a0\u00bb][\/et_pb_button][\/et_pb_column][\/et_pb_row][et_pb_row column_structure=\u00a0\u00bb1_2,1_2&Prime; make_equal=\u00a0\u00bbon\u00a0\u00bb _builder_version=\u00a0\u00bb4.23.1&Prime; _module_preset=\u00a0\u00bbdefault\u00a0\u00bb global_colors_info=\u00a0\u00bb{}\u00a0\u00bb][et_pb_column type=\u00a0\u00bb1_2&Prime; _builder_version=\u00a0\u00bb4.23.1&Prime; _module_preset=\u00a0\u00bbdefault\u00a0\u00bb background_enable_color=\u00a0\u00bboff\u00a0\u00bb custom_padding=\u00a0\u00bb14px|8px|14px|8px|true|true\u00a0\u00bb box_shadow_style=\u00a0\u00bbpreset2&Prime; global_colors_info=\u00a0\u00bb{}\u00a0\u00bb][et_pb_text _builder_version=\u00a0\u00bb4.23.1&Prime; _module_preset=\u00a0\u00bbdefault\u00a0\u00bb text_font=\u00a0\u00bb|600||on|||||\u00a0\u00bb text_text_color=\u00a0\u00bb#FFFFFF\u00a0\u00bb background_color=\u00a0\u00bbgcid-18fb4515-6598-4c8e-ba5e-c06c3f5797ca\u00a0\u00bb text_orientation=\u00a0\u00bbcenter\u00a0\u00bb global_colors_info=\u00a0\u00bb{%22gcid-18fb4515-6598-4c8e-ba5e-c06c3f5797ca%22:%91%22background_color%22%93}\u00a0\u00bb]<\/p>\n<p>SOINS INFIRMIERS LORS DES SORTIES PR\u00c9COCES APR\u00c8S CHIRURGIES<\/p>\n<p>[\/et_pb_text][et_pb_video src=\u00a0\u00bbhttps:\/\/www.youtube.com\/watch?v=NilFlmliWyA&#038;ab_channel=MEDEOFORMATION\u00a0\u00bb play_icon_color=\u00a0\u00bbRGBA(255,255,255,0)\u00a0\u00bb _builder_version=\u00a0\u00bb4.23.1&Prime; _module_preset=\u00a0\u00bbdefault\u00a0\u00bb global_colors_info=\u00a0\u00bb{}\u00a0\u00bb][\/et_pb_video][et_pb_button button_url=\u00a0\u00bbhttps:\/\/medeo-formation.catalogueformpro.com\/6\/e-learning\/1031590\/2023-2025-e-learning-soins-infirmiers-lors-des-sorties-precoces-apres-chirurgies-fc\u00a0\u00bb button_text=\u00a0\u00bbEn savoir plus\u00a0\u00bb button_alignment=\u00a0\u00bbcenter\u00a0\u00bb _builder_version=\u00a0\u00bb4.23.1&Prime; _module_preset=\u00a0\u00bbdefault\u00a0\u00bb global_colors_info=\u00a0\u00bb{}\u00a0\u00bb][\/et_pb_button][et_pb_button button_url=\u00a0\u00bbhttps:\/\/medeo-formation.catalogueformpro.com\/6\/e-learning\/1031590\/2023-2025-e-learning-soins-infirmiers-lors-des-sorties-precoces-apres-chirurgies-fc\/registration\u00a0\u00bb button_text=\u00a0\u00bbInscription\u00a0\u00bb button_alignment=\u00a0\u00bbcenter\u00a0\u00bb _builder_version=\u00a0\u00bb4.23.1&Prime; _module_preset=\u00a0\u00bbdefault\u00a0\u00bb global_colors_info=\u00a0\u00bb{}\u00a0\u00bb][\/et_pb_button][\/et_pb_column][et_pb_column type=\u00a0\u00bb1_2&Prime; _builder_version=\u00a0\u00bb4.23.1&Prime; _module_preset=\u00a0\u00bbdefault\u00a0\u00bb background_enable_color=\u00a0\u00bboff\u00a0\u00bb custom_padding=\u00a0\u00bb14px|8px|14px|8px|true|true\u00a0\u00bb box_shadow_style=\u00a0\u00bbpreset2&Prime; global_colors_info=\u00a0\u00bb{}\u00a0\u00bb][et_pb_text _builder_version=\u00a0\u00bb4.23.1&Prime; _module_preset=\u00a0\u00bbdefault\u00a0\u00bb text_font=\u00a0\u00bb|600||on|||||\u00a0\u00bb text_text_color=\u00a0\u00bb#FFFFFF\u00a0\u00bb background_color=\u00a0\u00bbgcid-18fb4515-6598-4c8e-ba5e-c06c3f5797ca\u00a0\u00bb text_orientation=\u00a0\u00bbcenter\u00a0\u00bb global_colors_info=\u00a0\u00bb{%22gcid-18fb4515-6598-4c8e-ba5e-c06c3f5797ca%22:%91%22background_color%22%93}\u00a0\u00bb]<\/p>\n<p style=\"text-align: center;\">PRISE EN CHARGE DE LA DOULEUR<\/p>\n<p>[\/et_pb_text][et_pb_video src=\u00a0\u00bbhttps:\/\/youtube.com\/shorts\/U0KUJj5pGB8?si=i6UmKr0sKPSiwi39&Prime; play_icon_color=\u00a0\u00bbRGBA(255,255,255,0)\u00a0\u00bb _builder_version=\u00a0\u00bb4.23.1&Prime; _module_preset=\u00a0\u00bbdefault\u00a0\u00bb global_colors_info=\u00a0\u00bb{}\u00a0\u00bb][\/et_pb_video][et_pb_button button_url=\u00a0\u00bbhttps:\/\/medeo-formation.catalogueformpro.com\/6\/e-learning\/1227950\/2023-2025-e-learning-prise-en-charge-de-la-douleur-fc\u00a0\u00bb button_text=\u00a0\u00bbEn savoir plus\u00a0\u00bb button_alignment=\u00a0\u00bbcenter\u00a0\u00bb _builder_version=\u00a0\u00bb4.23.1&Prime; _module_preset=\u00a0\u00bbdefault\u00a0\u00bb global_colors_info=\u00a0\u00bb{}\u00a0\u00bb][\/et_pb_button][et_pb_button button_url=\u00a0\u00bbhttps:\/\/medeo-formation.catalogueformpro.com\/6\/e-learning\/1227950\/2023-2025-e-learning-prise-en-charge-de-la-douleur-fc\/registration\u00a0\u00bb button_text=\u00a0\u00bbInscription\u00a0\u00bb button_alignment=\u00a0\u00bbcenter\u00a0\u00bb _builder_version=\u00a0\u00bb4.23.1&Prime; _module_preset=\u00a0\u00bbdefault\u00a0\u00bb global_colors_info=\u00a0\u00bb{}\u00a0\u00bb][\/et_pb_button][\/et_pb_column][\/et_pb_row][et_pb_row column_structure=\u00a0\u00bb1_2,1_2&Prime; make_equal=\u00a0\u00bbon\u00a0\u00bb _builder_version=\u00a0\u00bb4.23.1&Prime; _module_preset=\u00a0\u00bbdefault\u00a0\u00bb global_colors_info=\u00a0\u00bb{}\u00a0\u00bb][et_pb_column type=\u00a0\u00bb1_2&Prime; _builder_version=\u00a0\u00bb4.23.1&Prime; _module_preset=\u00a0\u00bbdefault\u00a0\u00bb background_enable_color=\u00a0\u00bboff\u00a0\u00bb custom_padding=\u00a0\u00bb14px|8px|14px|8px|true|true\u00a0\u00bb box_shadow_style=\u00a0\u00bbpreset2&Prime; global_colors_info=\u00a0\u00bb{}\u00a0\u00bb][et_pb_text _builder_version=\u00a0\u00bb4.23.1&Prime; _module_preset=\u00a0\u00bbdefault\u00a0\u00bb text_font=\u00a0\u00bb|600||on|||||\u00a0\u00bb text_text_color=\u00a0\u00bb#FFFFFF\u00a0\u00bb background_color=\u00a0\u00bbgcid-18fb4515-6598-4c8e-ba5e-c06c3f5797ca\u00a0\u00bb text_orientation=\u00a0\u00bbcenter\u00a0\u00bb global_colors_info=\u00a0\u00bb{%22gcid-18fb4515-6598-4c8e-ba5e-c06c3f5797ca%22:%91%22background_color%22%93}\u00a0\u00bb]<\/p>\n<p>REP\u00c9RAGE ET \u00c9VALUATION DU RISQUE SUICIDAIRE<\/p>\n<p>[\/et_pb_text][et_pb_video src=\u00a0\u00bbhttps:\/\/www.youtube.com\/shorts\/cCQXR5xp68s\u00a0\u00bb _builder_version=\u00a0\u00bb4.23.1&Prime; _module_preset=\u00a0\u00bbdefault\u00a0\u00bb global_colors_info=\u00a0\u00bb{}\u00a0\u00bb][\/et_pb_video][et_pb_button button_url=\u00a0\u00bbhttps:\/\/medeo-formation.catalogueformpro.com\/6\/e-learning\/1640153\/2023-2025-e-learning-reperage-et-evaluation-du-risque-suicidaire-fc\u00a0\u00bb button_text=\u00a0\u00bbEn savoir plus\u00a0\u00bb button_alignment=\u00a0\u00bbcenter\u00a0\u00bb _builder_version=\u00a0\u00bb4.23.1&Prime; _module_preset=\u00a0\u00bbdefault\u00a0\u00bb global_colors_info=\u00a0\u00bb{}\u00a0\u00bb][\/et_pb_button][et_pb_button button_url=\u00a0\u00bbhttps:\/\/medeo-formation.catalogueformpro.com\/6\/e-learning\/1083596\/2023-2025-e-learning-soins-et-suivi-des-patients-porteurs-de-plaies-fc\/registration\u00a0\u00bb button_text=\u00a0\u00bbInscription\u00a0\u00bb button_alignment=\u00a0\u00bbcenter\u00a0\u00bb _builder_version=\u00a0\u00bb4.23.1&Prime; _module_preset=\u00a0\u00bbdefault\u00a0\u00bb global_colors_info=\u00a0\u00bb{}\u00a0\u00bb][\/et_pb_button][\/et_pb_column][et_pb_column type=\u00a0\u00bb1_2&Prime; _builder_version=\u00a0\u00bb4.23.1&Prime; _module_preset=\u00a0\u00bbdefault\u00a0\u00bb background_enable_color=\u00a0\u00bboff\u00a0\u00bb custom_padding=\u00a0\u00bb14px|8px|14px|8px|true|true\u00a0\u00bb box_shadow_style=\u00a0\u00bbpreset2&Prime; global_colors_info=\u00a0\u00bb{}\u00a0\u00bb][et_pb_text _builder_version=\u00a0\u00bb4.23.1&Prime; _module_preset=\u00a0\u00bbdefault\u00a0\u00bb text_font=\u00a0\u00bb|600||on|||||\u00a0\u00bb text_text_color=\u00a0\u00bb#FFFFFF\u00a0\u00bb background_color=\u00a0\u00bbgcid-18fb4515-6598-4c8e-ba5e-c06c3f5797ca\u00a0\u00bb text_orientation=\u00a0\u00bbcenter\u00a0\u00bb global_colors_info=\u00a0\u00bb{%22gcid-18fb4515-6598-4c8e-ba5e-c06c3f5797ca%22:%91%22background_color%22%93}\u00a0\u00bb]<\/p>\n<p>SOINS INFIRMIERS, SURVEILLANCE DES PATIENTS SOUFFRANT DE PATHOLOGIES CARDIAQUES : PRADO IC, AOD, NACO<\/p>\n<p>[\/et_pb_text][et_pb_video src=\u00a0\u00bbhttps:\/\/www.youtube.com\/watch?v=olPFUHtrKwI&#038;ab_channel=MEDEOFORMATION\u00a0\u00bb play_icon_color=\u00a0\u00bbRGBA(255,255,255,0)\u00a0\u00bb _builder_version=\u00a0\u00bb4.23.1&Prime; _module_preset=\u00a0\u00bbdefault\u00a0\u00bb global_colors_info=\u00a0\u00bb{}\u00a0\u00bb][\/et_pb_video][et_pb_button button_url=\u00a0\u00bbhttps:\/\/medeo-formation.catalogueformpro.com\/6\/e-learning\/1031583\/2023-2025-e-learning-soins-infirmiers-surveillance-des-patients-souffrant-de-pathologies-cardiaques-\u00a0\u00bb button_text=\u00a0\u00bbEn savoir plus\u00a0\u00bb button_alignment=\u00a0\u00bbcenter\u00a0\u00bb _builder_version=\u00a0\u00bb4.23.1&Prime; _module_preset=\u00a0\u00bbdefault\u00a0\u00bb global_colors_info=\u00a0\u00bb{}\u00a0\u00bb][\/et_pb_button][et_pb_button button_url=\u00a0\u00bbhttps:\/\/medeo-formation.catalogueformpro.com\/6\/e-learning\/1031590\/2023-2025-e-learning-soins-infirmiers-lors-des-sorties-precoces-apres-chirurgies-fc\/registration\u00a0\u00bb button_text=\u00a0\u00bbInscription\u00a0\u00bb button_alignment=\u00a0\u00bbcenter\u00a0\u00bb _builder_version=\u00a0\u00bb4.23.1&Prime; _module_preset=\u00a0\u00bbdefault\u00a0\u00bb global_colors_info=\u00a0\u00bb{}\u00a0\u00bb][\/et_pb_button][\/et_pb_column][\/et_pb_row][\/et_pb_section][et_pb_section fb_built=\u00a0\u00bb1&Prime; admin_label=\u00a0\u00bbServices\u00a0\u00bb _builder_version=\u00a0\u00bb4.23.1&Prime; background_enable_color=\u00a0\u00bboff\u00a0\u00bb background_enable_image=\u00a0\u00bboff\u00a0\u00bb background_size=\u00a0\u00bbinitial\u00a0\u00bb background_position=\u00a0\u00bbbottom_center\u00a0\u00bb custom_padding=\u00a0\u00bb4vw|||||\u00a0\u00bb top_divider_color=\u00a0\u00bb#FFFFFF\u00a0\u00bb top_divider_height=\u00a0\u00bb14vw\u00a0\u00bb top_divider_repeat=\u00a0\u00bb1x\u00a0\u00bb top_divider_flip=\u00a0\u00bbvertical|horizontal\u00a0\u00bb global_colors_info=\u00a0\u00bb{%22gcid-18fb4515-6598-4c8e-ba5e-c06c3f5797ca%22:%91%22background_color%22%93}\u00a0\u00bb][et_pb_row _builder_version=\u00a0\u00bb4.16&Prime; custom_padding=\u00a0\u00bb65px||0px|||\u00a0\u00bb global_colors_info=\u00a0\u00bb{}\u00a0\u00bb][et_pb_column type=\u00a0\u00bb4_4&Prime; _builder_version=\u00a0\u00bb4.16&Prime; custom_padding=\u00a0\u00bb|||\u00a0\u00bb global_colors_info=\u00a0\u00bb{}\u00a0\u00bb custom_padding__hover=\u00a0\u00bb|||\u00a0\u00bb][et_pb_text _builder_version=\u00a0\u00bb4.23.1&Prime; _module_preset=\u00a0\u00bbb6cb9bd8-0fbd-4699-b58d-51b3d480db23&Prime; header_2_font=\u00a0\u00bbPoppins|600|||||||\u00a0\u00bb header_2_text_color=\u00a0\u00bb#e09900&Prime; header_2_font_size=\u00a0\u00bb52px\u00a0\u00bb header_2_line_height=\u00a0\u00bb1.3em\u00a0\u00bb custom_margin=\u00a0\u00bb||10px||false|false\u00a0\u00bb header_2_font_size_tablet=\u00a0\u00bb32px\u00a0\u00bb header_2_font_size_phone=\u00a0\u00bb20px\u00a0\u00bb header_2_font_size_last_edited=\u00a0\u00bbon|tablet\u00a0\u00bb header_2_line_height_tablet=\u00a0\u00bb1.4em\u00a0\u00bb header_2_line_height_phone=\u00a0\u00bb1.6em\u00a0\u00bb header_2_line_height_last_edited=\u00a0\u00bbon|tablet\u00a0\u00bb locked=\u00a0\u00bboff\u00a0\u00bb global_colors_info=\u00a0\u00bb{}\u00a0\u00bb]<\/p>\n<h2>Les avantages de la formation en e-learning en ligne pour infirmier et infirmi\u00e8re.<\/h2>\n<p>[\/et_pb_text][\/et_pb_column][\/et_pb_row][et_pb_row _builder_version=\u00a0\u00bb4.23.1&Prime; background_color=\u00a0\u00bbgcid-18fb4515-6598-4c8e-ba5e-c06c3f5797ca\u00a0\u00bb background_size=\u00a0\u00bbinitial\u00a0\u00bb background_position=\u00a0\u00bbbottom_right\u00a0\u00bb max_width=\u00a0\u00bb1140px\u00a0\u00bb custom_padding=\u00a0\u00bb36px|30px|31px|30px|false|true\u00a0\u00bb border_radii=\u00a0\u00bb|10px|10px||\u00a0\u00bb box_shadow_style=\u00a0\u00bbpreset3&Prime; box_shadow_vertical=\u00a0\u00bb90px\u00a0\u00bb box_shadow_blur=\u00a0\u00bb180px\u00a0\u00bb box_shadow_spread=\u00a0\u00bb-30px\u00a0\u00bb box_shadow_color=\u00a0\u00bbrgba(0,0,0,0.12)\u00a0\u00bb global_colors_info=\u00a0\u00bb{%22gcid-18fb4515-6598-4c8e-ba5e-c06c3f5797ca%22:%91%22background_color%22%93}\u00a0\u00bb][et_pb_column type=\u00a0\u00bb4_4&Prime; _builder_version=\u00a0\u00bb4.16&Prime; custom_padding=\u00a0\u00bb|||\u00a0\u00bb global_colors_info=\u00a0\u00bb{}\u00a0\u00bb custom_padding__hover=\u00a0\u00bb|||\u00a0\u00bb][et_pb_text _builder_version=\u00a0\u00bb4.23.1&Prime; _module_preset=\u00a0\u00bbdefault\u00a0\u00bb text_font=\u00a0\u00bbPoppins||||||||\u00a0\u00bb text_text_color=\u00a0\u00bb#FFFFFF\u00a0\u00bb text_font_size=\u00a0\u00bb15px\u00a0\u00bb global_colors_info=\u00a0\u00bb{}\u00a0\u00bb]<\/p>\n<p><strong>Notre formation en e-learning vid\u00e9o \u00e0 distance pour infirmier et infirmi\u00e8re comprend plusieurs modules \/ activit\u00e9s :<\/strong><\/p>\n<ul>\n<li>Des modules interactifs et p\u00e9dagogiques par le biais de vid\u00e9o capsule du formateur<\/li>\n<li>Des quiz et cas cliniques<\/li>\n<li>Utilisation d\u2019outils num\u00e9riques permettant la dynamique et l\u2019interactivit\u00e9 des s\u00e9quences d\u2019activit\u00e9s<\/li>\n<li>Un suivi individuel par le formateur via le forum de discussion<\/li>\n<\/ul>\n<ul><\/ul>\n<p><span><u><\/u><\/span><\/p>\n<p>[\/et_pb_text][\/et_pb_column][\/et_pb_row][et_pb_row _builder_version=\u00a0\u00bb4.23.1&Prime; background_color=\u00a0\u00bbgcid-18fb4515-6598-4c8e-ba5e-c06c3f5797ca\u00a0\u00bb background_size=\u00a0\u00bbinitial\u00a0\u00bb background_position=\u00a0\u00bbbottom_right\u00a0\u00bb max_width=\u00a0\u00bb1140px\u00a0\u00bb custom_margin=\u00a0\u00bb9px|auto||auto||\u00a0\u00bb custom_padding=\u00a0\u00bb35px|30px|31px|30px|false|true\u00a0\u00bb border_radii=\u00a0\u00bb|10px|10px||\u00a0\u00bb box_shadow_style=\u00a0\u00bbpreset3&Prime; box_shadow_vertical=\u00a0\u00bb90px\u00a0\u00bb box_shadow_blur=\u00a0\u00bb180px\u00a0\u00bb box_shadow_spread=\u00a0\u00bb-30px\u00a0\u00bb box_shadow_color=\u00a0\u00bbrgba(0,0,0,0.12)\u00a0\u00bb global_colors_info=\u00a0\u00bb{%22gcid-18fb4515-6598-4c8e-ba5e-c06c3f5797ca%22:%91%22background_color%22%93}\u00a0\u00bb][et_pb_column type=\u00a0\u00bb4_4&Prime; _builder_version=\u00a0\u00bb4.16&Prime; custom_padding=\u00a0\u00bb|||\u00a0\u00bb global_colors_info=\u00a0\u00bb{}\u00a0\u00bb custom_padding__hover=\u00a0\u00bb|||\u00a0\u00bb][et_pb_text _builder_version=\u00a0\u00bb4.23.1&Prime; _module_preset=\u00a0\u00bbdefault\u00a0\u00bb text_font=\u00a0\u00bbPoppins||||||||\u00a0\u00bb text_text_color=\u00a0\u00bb#FFFFFF\u00a0\u00bb text_font_size=\u00a0\u00bb15px\u00a0\u00bb global_colors_info=\u00a0\u00bb{}\u00a0\u00bb]<\/p>\n<p><strong><\/strong><\/p>\n<p><strong>La formation e-learning vid\u00e9o \u00e0 distance pour infirmier et infirmi\u00e8re propos\u00e9e par MEDEO Formation vous permettra de : <\/strong><\/p>\n<ul>\n<li>Acqu\u00e9rir les connaissances th\u00e9oriques et pratiques<\/li>\n<li>Ma\u00eetriser les techniques<\/li>\n<li>Savoir \u00e9valuer et diagnostiquer<\/li>\n<li>Choisir le traitement le plus adapt\u00e9<\/li>\n<li>Pr\u00e9venir les complications<\/li>\n<li>Mettre en \u0153uvre un protocole de soins.<\/li>\n<li>Savoir retranscrire dans le dossier de soin et se coordonner avec les autres professionnels<\/li>\n<li>\u00c9duquer le patient et son entourage<\/li>\n<li>Savoir prescrire les dispositifs<\/li>\n<li>Facturer les actes de soins (pansement simple, pansement de stomie, pansement lourd et complexe, bilan de plaie initiale, analg\u00e9sie topique, t\u00e9l\u00e9soins pansement \u00e0 distance)<\/li>\n<\/ul>\n<p>&nbsp;<\/p>\n<p><strong>Int\u00e9r\u00eats de la formation e-learning vid\u00e9o \u00e0 distance infirmier et infirmi\u00e8re<\/strong><\/p>\n<ul>\n<li>Apprentissage progressif et approfondi :\u00a0Vous pouvez avancer \u00e0 votre rythme et revoir les modules autant de fois que n\u00e9cessaire.<\/li>\n<li>Mise en pratique imm\u00e9diate des connaissances :\u00a0Vous pouvez appliquer les concepts appris dans votre pratique quotidienne d\u00e8s la fin de chaque module.<\/li>\n<li>Partage d&rsquo;exp\u00e9riences : Interagissez avec d&rsquo;autres professionnels de sant\u00e9 en partageant vos questions et vos commentaires sur un forum d\u00e9di\u00e9.<\/li>\n<\/ul>\n<p>&nbsp;<\/p>\n<p><strong>Avantages de la formation vid\u00e9o \u00e0 distance pour infirmier et infirmi\u00e8re chez MEDEO Formation<\/strong><\/p>\n<ul>\n<li>Formation compl\u00e8te<\/li>\n<li>Programme p\u00e9dagogique riche et vari\u00e9<\/li>\n<li>Approche p\u00e9dagogique innovante et interactive<\/li>\n<li>Formateurs exp\u00e9riment\u00e9s<\/li>\n<li>Financement possible en FIF-pl sous r\u00e9serve de votre enveloppe annuelle<\/li>\n<\/ul>\n<p>&nbsp;<\/p>\n<p><strong>Avantages de la formation en e-learning vid\u00e9o \u00e0 distance pour infirmier et infirmi\u00e8re<\/strong><\/p>\n<ul>\n<li>Flexibilit\u00e9 :\u00a0Apprenez \u00e0 votre rythme et o\u00f9 que vous soyez<\/li>\n<li>Accessibilit\u00e9 :\u00a0Formation disponible 24h\/24 et 7j\/7<\/li>\n<li>Suivi p\u00e9dagogique individualis\u00e9 via le chat du forum<\/li>\n<li>Micro-learning<\/li>\n<\/ul>\n<ul><\/ul>\n<p>[\/et_pb_text][\/et_pb_column][\/et_pb_row][\/et_pb_section]<\/p>\n","protected":false},"excerpt":{"rendered":"<p>Formation DPC IDEL E-learning en ligne.MEDEO Formation, vous propose une formation compl\u00e8te en e-learning et \u00e0 distance pour infirmier infirmi\u00e8re. Formation en ligne et en vid\u00e9o, vous vous formez \u00e0 distance. Cette formation est accessible aux infirmiers lib\u00e9raux \u00e9ligible au FIF-PL, financement personnel et DPC.*sous r\u00e9serve de l\u2019enveloppe budg\u00e9taire et de votre droit \u00e0 tirage [&hellip;]<\/p>\n","protected":false},"author":1,"featured_media":0,"parent":0,"menu_order":0,"comment_status":"closed","ping_status":"closed","template":"","meta":{"_et_pb_use_builder":"on","_et_pb_old_content":"","_et_gb_content_width":"","footnotes":""},"class_list":["post-987511284","page","type-page","status-publish","hentry"],"yoast_head":"<!-- This site is optimized with the Yoast SEO plugin v27.3 - https:\/\/yoast.com\/product\/yoast-seo-wordpress\/ -->\n<title>Formation dpc en ligne - Formation DPC IDEL Infirmier infirmi\u00e8re<\/title>\n<meta name=\"description\" content=\"Formation DPC IDEL e-learning \u00e0 distance pour infirmier infirmi\u00e8re. Formation en ligne et en vid\u00e9o, vous vous formez \u00e0 distance.\" \/>\n<meta name=\"robots\" content=\"index, follow, max-snippet:-1, max-image-preview:large, max-video-preview:-1\" \/>\n<link rel=\"canonical\" href=\"https:\/\/formation-a-distance-dpc-idel.fr\/index.php\/formation-dpc-en-ligne\/\" \/>\n<meta property=\"og:locale\" content=\"fr_FR\" \/>\n<meta property=\"og:type\" content=\"article\" \/>\n<meta property=\"og:title\" content=\"Formation dpc en ligne - Formation DPC IDEL Infirmier infirmi\u00e8re\" \/>\n<meta property=\"og:description\" content=\"Formation DPC IDEL e-learning \u00e0 distance pour infirmier infirmi\u00e8re. Formation en ligne et en vid\u00e9o, vous vous formez \u00e0 distance.\" \/>\n<meta property=\"og:url\" content=\"https:\/\/formation-a-distance-dpc-idel.fr\/index.php\/formation-dpc-en-ligne\/\" \/>\n<meta property=\"og:site_name\" content=\"Formation DPC IDEL\" \/>\n<meta property=\"article:modified_time\" content=\"2025-09-04T16:08:29+00:00\" \/>\n<meta name=\"twitter:card\" content=\"summary_large_image\" \/>\n<meta name=\"twitter:label1\" content=\"Dur\u00e9e de lecture estim\u00e9e\" \/>\n\t<meta name=\"twitter:data1\" content=\"3 minutes\" \/>\n<script type=\"application\/ld+json\" class=\"yoast-schema-graph\">{\"@context\":\"https:\\\/\\\/schema.org\",\"@graph\":[{\"@type\":\"WebPage\",\"@id\":\"https:\\\/\\\/formation-a-distance-dpc-idel.fr\\\/index.php\\\/formation-dpc-en-ligne\\\/\",\"url\":\"https:\\\/\\\/formation-a-distance-dpc-idel.fr\\\/index.php\\\/formation-dpc-en-ligne\\\/\",\"name\":\"Formation dpc en ligne - Formation DPC IDEL Infirmier infirmi\u00e8re\",\"isPartOf\":{\"@id\":\"https:\\\/\\\/formation-a-distance-dpc-idel.fr\\\/#website\"},\"datePublished\":\"2024-10-22T12:34:57+00:00\",\"dateModified\":\"2025-09-04T16:08:29+00:00\",\"description\":\"Formation DPC IDEL e-learning \u00e0 distance pour infirmier infirmi\u00e8re. Formation en ligne et en vid\u00e9o, vous vous formez \u00e0 distance.\",\"breadcrumb\":{\"@id\":\"https:\\\/\\\/formation-a-distance-dpc-idel.fr\\\/index.php\\\/formation-dpc-en-ligne\\\/#breadcrumb\"},\"inLanguage\":\"fr-FR\",\"potentialAction\":[{\"@type\":\"ReadAction\",\"target\":[\"https:\\\/\\\/formation-a-distance-dpc-idel.fr\\\/index.php\\\/formation-dpc-en-ligne\\\/\"]}]},{\"@type\":\"BreadcrumbList\",\"@id\":\"https:\\\/\\\/formation-a-distance-dpc-idel.fr\\\/index.php\\\/formation-dpc-en-ligne\\\/#breadcrumb\",\"itemListElement\":[{\"@type\":\"ListItem\",\"position\":1,\"name\":\"Accueil\",\"item\":\"https:\\\/\\\/formation-a-distance-dpc-idel.fr\\\/\"},{\"@type\":\"ListItem\",\"position\":2,\"name\":\"Formation dpc en ligne\"}]},{\"@type\":\"WebSite\",\"@id\":\"https:\\\/\\\/formation-a-distance-dpc-idel.fr\\\/#website\",\"url\":\"https:\\\/\\\/formation-a-distance-dpc-idel.fr\\\/\",\"name\":\"Formation DPC IDEL\",\"description\":\"E-learning - \u00e0 distance\",\"potentialAction\":[{\"@type\":\"SearchAction\",\"target\":{\"@type\":\"EntryPoint\",\"urlTemplate\":\"https:\\\/\\\/formation-a-distance-dpc-idel.fr\\\/?s={search_term_string}\"},\"query-input\":{\"@type\":\"PropertyValueSpecification\",\"valueRequired\":true,\"valueName\":\"search_term_string\"}}],\"inLanguage\":\"fr-FR\"}]}<\/script>\n<!-- \/ Yoast SEO plugin. -->","yoast_head_json":{"title":"Formation dpc en ligne - Formation DPC IDEL Infirmier infirmi\u00e8re","description":"Formation DPC IDEL e-learning \u00e0 distance pour infirmier infirmi\u00e8re. Formation en ligne et en vid\u00e9o, vous vous formez \u00e0 distance.","robots":{"index":"index","follow":"follow","max-snippet":"max-snippet:-1","max-image-preview":"max-image-preview:large","max-video-preview":"max-video-preview:-1"},"canonical":"https:\/\/formation-a-distance-dpc-idel.fr\/index.php\/formation-dpc-en-ligne\/","og_locale":"fr_FR","og_type":"article","og_title":"Formation dpc en ligne - Formation DPC IDEL Infirmier infirmi\u00e8re","og_description":"Formation DPC IDEL e-learning \u00e0 distance pour infirmier infirmi\u00e8re. Formation en ligne et en vid\u00e9o, vous vous formez \u00e0 distance.","og_url":"https:\/\/formation-a-distance-dpc-idel.fr\/index.php\/formation-dpc-en-ligne\/","og_site_name":"Formation DPC IDEL","article_modified_time":"2025-09-04T16:08:29+00:00","twitter_card":"summary_large_image","twitter_misc":{"Dur\u00e9e de lecture estim\u00e9e":"3 minutes"},"schema":{"@context":"https:\/\/schema.org","@graph":[{"@type":"WebPage","@id":"https:\/\/formation-a-distance-dpc-idel.fr\/index.php\/formation-dpc-en-ligne\/","url":"https:\/\/formation-a-distance-dpc-idel.fr\/index.php\/formation-dpc-en-ligne\/","name":"Formation dpc en ligne - Formation DPC IDEL Infirmier infirmi\u00e8re","isPartOf":{"@id":"https:\/\/formation-a-distance-dpc-idel.fr\/#website"},"datePublished":"2024-10-22T12:34:57+00:00","dateModified":"2025-09-04T16:08:29+00:00","description":"Formation DPC IDEL e-learning \u00e0 distance pour infirmier infirmi\u00e8re. Formation en ligne et en vid\u00e9o, vous vous formez \u00e0 distance.","breadcrumb":{"@id":"https:\/\/formation-a-distance-dpc-idel.fr\/index.php\/formation-dpc-en-ligne\/#breadcrumb"},"inLanguage":"fr-FR","potentialAction":[{"@type":"ReadAction","target":["https:\/\/formation-a-distance-dpc-idel.fr\/index.php\/formation-dpc-en-ligne\/"]}]},{"@type":"BreadcrumbList","@id":"https:\/\/formation-a-distance-dpc-idel.fr\/index.php\/formation-dpc-en-ligne\/#breadcrumb","itemListElement":[{"@type":"ListItem","position":1,"name":"Accueil","item":"https:\/\/formation-a-distance-dpc-idel.fr\/"},{"@type":"ListItem","position":2,"name":"Formation dpc en ligne"}]},{"@type":"WebSite","@id":"https:\/\/formation-a-distance-dpc-idel.fr\/#website","url":"https:\/\/formation-a-distance-dpc-idel.fr\/","name":"Formation DPC IDEL","description":"E-learning - \u00e0 distance","potentialAction":[{"@type":"SearchAction","target":{"@type":"EntryPoint","urlTemplate":"https:\/\/formation-a-distance-dpc-idel.fr\/?s={search_term_string}"},"query-input":{"@type":"PropertyValueSpecification","valueRequired":true,"valueName":"search_term_string"}}],"inLanguage":"fr-FR"}]}},"_links":{"self":[{"href":"https:\/\/formation-a-distance-dpc-idel.fr\/index.php\/wp-json\/wp\/v2\/pages\/987511284","targetHints":{"allow":["GET"]}}],"collection":[{"href":"https:\/\/formation-a-distance-dpc-idel.fr\/index.php\/wp-json\/wp\/v2\/pages"}],"about":[{"href":"https:\/\/formation-a-distance-dpc-idel.fr\/index.php\/wp-json\/wp\/v2\/types\/page"}],"author":[{"embeddable":true,"href":"https:\/\/formation-a-distance-dpc-idel.fr\/index.php\/wp-json\/wp\/v2\/users\/1"}],"replies":[{"embeddable":true,"href":"https:\/\/formation-a-distance-dpc-idel.fr\/index.php\/wp-json\/wp\/v2\/comments?post=987511284"}],"version-history":[{"count":13,"href":"https:\/\/formation-a-distance-dpc-idel.fr\/index.php\/wp-json\/wp\/v2\/pages\/987511284\/revisions"}],"predecessor-version":[{"id":987511728,"href":"https:\/\/formation-a-distance-dpc-idel.fr\/index.php\/wp-json\/wp\/v2\/pages\/987511284\/revisions\/987511728"}],"wp:attachment":[{"href":"https:\/\/formation-a-distance-dpc-idel.fr\/index.php\/wp-json\/wp\/v2\/media?parent=987511284"}],"curies":[{"name":"wp","href":"https:\/\/api.w.org\/{rel}","templated":true}]}}