{"id":987511295,"date":"2024-10-22T15:47:22","date_gmt":"2024-10-22T13:47:22","guid":{"rendered":"https:\/\/formation-a-distance-dpc-idel.fr\/?page_id=987511295"},"modified":"2026-02-20T15:49:28","modified_gmt":"2026-02-20T14:49:28","slug":"formation-classe-virtuelle","status":"publish","type":"page","link":"https:\/\/formation-a-distance-dpc-idel.fr\/index.php\/formation-classe-virtuelle\/","title":{"rendered":"Formation classe virtuelle"},"content":{"rendered":"<p>[et_pb_section fb_built=\u00a0\u00bb1&Prime; _builder_version=\u00a0\u00bb4.23.1&Prime; _module_preset=\u00a0\u00bbdefault\u00a0\u00bb background_enable_image=\u00a0\u00bboff\u00a0\u00bb background_enable_mask_style=\u00a0\u00bbon\u00a0\u00bb background_mask_style=\u00a0\u00bbcorner-blob\u00a0\u00bb background_mask_color=\u00a0\u00bbgcid-18fb4515-6598-4c8e-ba5e-c06c3f5797ca\u00a0\u00bb background_mask_transform=\u00a0\u00bbflip_horizontal\u00a0\u00bb custom_padding=\u00a0\u00bb16px||55px|||\u00a0\u00bb bottom_divider_style=\u00a0\u00bbwaves\u00a0\u00bb bottom_divider_color=\u00a0\u00bb#FFFFFF\u00a0\u00bb bottom_divider_height=\u00a0\u00bb38px\u00a0\u00bb global_colors_info=\u00a0\u00bb{%22gcid-18fb4515-6598-4c8e-ba5e-c06c3f5797ca%22:%91%22background_mask_color%22%93}\u00a0\u00bb][et_pb_row column_structure=\u00a0\u00bb2_3,1_3&Prime; custom_padding_last_edited=\u00a0\u00bbon|desktop\u00a0\u00bb _builder_version=\u00a0\u00bb4.23.1&Prime; background_enable_color=\u00a0\u00bboff\u00a0\u00bb background_enable_image=\u00a0\u00bboff\u00a0\u00bb background_size=\u00a0\u00bbinitial\u00a0\u00bb background_position=\u00a0\u00bbbottom_right\u00a0\u00bb max_width=\u00a0\u00bb1140px\u00a0\u00bb overflow-x=\u00a0\u00bbvisible\u00a0\u00bb overflow-y=\u00a0\u00bbvisible\u00a0\u00bb custom_margin=\u00a0\u00bb|auto|-57px|-2px||\u00a0\u00bb custom_padding=\u00a0\u00bb0px|60px|40px|60px|false|true\u00a0\u00bb custom_padding_tablet=\u00a0\u00bb40px|30px||30px||true\u00a0\u00bb custom_padding_phone=\u00a0\u00bb\u00a0\u00bb border_radii=\u00a0\u00bbon|10px|10px|10px|10px\u00a0\u00bb locked=\u00a0\u00bboff\u00a0\u00bb global_colors_info=\u00a0\u00bb{}\u00a0\u00bb][et_pb_column type=\u00a0\u00bb2_3&Prime; _builder_version=\u00a0\u00bb4.23.1&Prime; custom_padding=\u00a0\u00bb100px|||\u00a0\u00bb custom_padding_tablet=\u00a0\u00bb0px||\u00a0\u00bb custom_padding_phone=\u00a0\u00bb\u00a0\u00bb custom_padding_last_edited=\u00a0\u00bbon|desktop\u00a0\u00bb global_colors_info=\u00a0\u00bb{}\u00a0\u00bb custom_padding__hover=\u00a0\u00bb|||\u00a0\u00bb][et_pb_text _builder_version=\u00a0\u00bb4.23.1&Prime; _module_preset=\u00a0\u00bbb6cb9bd8-0fbd-4699-b58d-51b3d480db23&Prime; header_2_font=\u00a0\u00bbPoppins|600|||||||\u00a0\u00bb header_2_text_color=\u00a0\u00bbgcid-ad9f61b1-6eff-4eff-9809-01ab40ff35a5&Prime; header_2_font_size=\u00a0\u00bb52px\u00a0\u00bb header_2_line_height=\u00a0\u00bb1.3em\u00a0\u00bb custom_margin=\u00a0\u00bb||10px||false|false\u00a0\u00bb header_2_font_size_tablet=\u00a0\u00bb32px\u00a0\u00bb header_2_font_size_phone=\u00a0\u00bb30px\u00a0\u00bb header_2_font_size_last_edited=\u00a0\u00bbon|phone\u00a0\u00bb header_2_line_height_tablet=\u00a0\u00bb1.4em\u00a0\u00bb header_2_line_height_phone=\u00a0\u00bb1.6em\u00a0\u00bb header_2_line_height_last_edited=\u00a0\u00bbon|tablet\u00a0\u00bb locked=\u00a0\u00bboff\u00a0\u00bb global_colors_info=\u00a0\u00bb{%22gcid-ad9f61b1-6eff-4eff-9809-01ab40ff35a5%22:%91%22header_2_text_color%22%93}\u00a0\u00bb]<\/p>\n<h2>Formation DPC IDEL en classe virtuelle<\/h2>\n<p>[\/et_pb_text][et_pb_text _builder_version=\u00a0\u00bb4.23.1&Prime; _module_preset=\u00a0\u00bbdefault\u00a0\u00bb text_font=\u00a0\u00bbPoppins||||||||\u00a0\u00bb text_text_color=\u00a0\u00bb#000000&Prime; text_font_size=\u00a0\u00bb15px\u00a0\u00bb global_colors_info=\u00a0\u00bb{}\u00a0\u00bb]<\/p>\n<p><strong>MEDEO Formation<\/strong>, vous propose une formation compl\u00e8te en classe virtuelle pour infirmier infirmi\u00e8re. Nos formations en ligne vous donnent les cl\u00e9s pour acqu\u00e9rir de nouvelles connaissances.<\/p>\n<p>Cette formation est accessible aux infirmiers lib\u00e9raux \u00e9ligible au FIF-PL, financement personnel et DPC.<br \/><em>*sous r\u00e9serve de l\u2019enveloppe budg\u00e9taire et de votre droit \u00e0 tirage annuel.<\/em><\/p>\n<p>[\/et_pb_text][et_pb_button button_url=\u00a0\u00bb#point1&Prime; button_text=\u00a0\u00bbNos formations en classe virtuelle\u00a0\u00bb _builder_version=\u00a0\u00bb4.23.1&Prime; _module_preset=\u00a0\u00bbdefault\u00a0\u00bb custom_button=\u00a0\u00bbon\u00a0\u00bb button_bg_color=\u00a0\u00bb#FFFFFF\u00a0\u00bb global_colors_info=\u00a0\u00bb{}\u00a0\u00bb][\/et_pb_button][\/et_pb_column][et_pb_column type=\u00a0\u00bb1_3&Prime; _builder_version=\u00a0\u00bb4.23.1&Prime; custom_padding=\u00a0\u00bb|||\u00a0\u00bb global_colors_info=\u00a0\u00bb{}\u00a0\u00bb custom_padding__hover=\u00a0\u00bb|||\u00a0\u00bb][et_pb_image src=\u00a0\u00bbhttps:\/\/formation-a-distance-dpc-idel.fr\/wp-content\/uploads\/2024\/10\/Design-sans-titre-2024-10-22T154613.196.png\u00a0\u00bb alt=\u00a0\u00bbformation classe virtuelle\u00a0\u00bb title_text=\u00a0\u00bbformation classe virtuelle\u00a0\u00bb _builder_version=\u00a0\u00bb4.23.1&Prime; width_last_edited=\u00a0\u00bboff|tablet\u00a0\u00bb max_width_tablet=\u00a0\u00bb400px\u00a0\u00bb max_width_phone=\u00a0\u00bb\u00a0\u00bb max_width_last_edited=\u00a0\u00bbon|desktop\u00a0\u00bb custom_margin=\u00a0\u00bb-10.4%|-14vw|-30%|||\u00a0\u00bb custom_margin_tablet=\u00a0\u00bb0%|0vw||\u00a0\u00bb custom_margin_phone=\u00a0\u00bb\u00a0\u00bb custom_margin_last_edited=\u00a0\u00bbon|desktop\u00a0\u00bb locked=\u00a0\u00bboff\u00a0\u00bb global_colors_info=\u00a0\u00bb{}\u00a0\u00bb][\/et_pb_image][\/et_pb_column][\/et_pb_row][\/et_pb_section][et_pb_section fb_built=\u00a0\u00bb1&Prime; admin_label=\u00a0\u00bbServices\u00a0\u00bb _builder_version=\u00a0\u00bb4.23.1&Prime; background_enable_color=\u00a0\u00bboff\u00a0\u00bb background_enable_image=\u00a0\u00bboff\u00a0\u00bb background_size=\u00a0\u00bbinitial\u00a0\u00bb background_position=\u00a0\u00bbbottom_center\u00a0\u00bb custom_padding=\u00a0\u00bb4vw|||||\u00a0\u00bb top_divider_color=\u00a0\u00bb#FFFFFF\u00a0\u00bb top_divider_height=\u00a0\u00bb14vw\u00a0\u00bb top_divider_repeat=\u00a0\u00bb1x\u00a0\u00bb top_divider_flip=\u00a0\u00bbvertical|horizontal\u00a0\u00bb global_colors_info=\u00a0\u00bb{%22gcid-18fb4515-6598-4c8e-ba5e-c06c3f5797ca%22:%91%22background_color%22%93}\u00a0\u00bb][et_pb_row _builder_version=\u00a0\u00bb4.16&Prime; custom_padding=\u00a0\u00bb12px||0px|||\u00a0\u00bb global_colors_info=\u00a0\u00bb{}\u00a0\u00bb][et_pb_column type=\u00a0\u00bb4_4&Prime; _builder_version=\u00a0\u00bb4.16&Prime; custom_padding=\u00a0\u00bb|||\u00a0\u00bb global_colors_info=\u00a0\u00bb{}\u00a0\u00bb custom_padding__hover=\u00a0\u00bb|||\u00a0\u00bb][et_pb_text _builder_version=\u00a0\u00bb4.23.1&Prime; _module_preset=\u00a0\u00bbb6cb9bd8-0fbd-4699-b58d-51b3d480db23&Prime; header_2_font=\u00a0\u00bbPoppins|600|||||||\u00a0\u00bb header_2_text_color=\u00a0\u00bb#e09900&Prime; header_2_font_size=\u00a0\u00bb52px\u00a0\u00bb header_2_line_height=\u00a0\u00bb1.3em\u00a0\u00bb custom_margin=\u00a0\u00bb||10px||false|false\u00a0\u00bb header_2_font_size_tablet=\u00a0\u00bb32px\u00a0\u00bb header_2_font_size_phone=\u00a0\u00bb20px\u00a0\u00bb header_2_font_size_last_edited=\u00a0\u00bbon|tablet\u00a0\u00bb header_2_line_height_tablet=\u00a0\u00bb1.4em\u00a0\u00bb header_2_line_height_phone=\u00a0\u00bb1.6em\u00a0\u00bb header_2_line_height_last_edited=\u00a0\u00bbon|tablet\u00a0\u00bb locked=\u00a0\u00bboff\u00a0\u00bb global_colors_info=\u00a0\u00bb{}\u00a0\u00bb]<\/p>\n<h2>La classe virtuelle : un apprentissage flexible et interactif \u00e0 distance pour infirmier infirmi\u00e8re.<\/h2>\n<p>[\/et_pb_text][\/et_pb_column][\/et_pb_row][et_pb_row _builder_version=\u00a0\u00bb4.23.1&Prime; background_color=\u00a0\u00bbgcid-18fb4515-6598-4c8e-ba5e-c06c3f5797ca\u00a0\u00bb background_size=\u00a0\u00bbinitial\u00a0\u00bb background_position=\u00a0\u00bbbottom_right\u00a0\u00bb max_width=\u00a0\u00bb1140px\u00a0\u00bb custom_padding=\u00a0\u00bb36px|30px|31px|30px|false|true\u00a0\u00bb border_radii=\u00a0\u00bb|10px|10px||\u00a0\u00bb box_shadow_style=\u00a0\u00bbpreset3&Prime; box_shadow_vertical=\u00a0\u00bb90px\u00a0\u00bb box_shadow_blur=\u00a0\u00bb180px\u00a0\u00bb box_shadow_spread=\u00a0\u00bb-30px\u00a0\u00bb box_shadow_color=\u00a0\u00bbrgba(0,0,0,0.12)\u00a0\u00bb global_colors_info=\u00a0\u00bb{%22gcid-18fb4515-6598-4c8e-ba5e-c06c3f5797ca%22:%91%22background_color%22%93}\u00a0\u00bb][et_pb_column type=\u00a0\u00bb4_4&Prime; _builder_version=\u00a0\u00bb4.16&Prime; custom_padding=\u00a0\u00bb|||\u00a0\u00bb global_colors_info=\u00a0\u00bb{}\u00a0\u00bb custom_padding__hover=\u00a0\u00bb|||\u00a0\u00bb][et_pb_text _builder_version=\u00a0\u00bb4.23.1&Prime; _module_preset=\u00a0\u00bbdefault\u00a0\u00bb text_font=\u00a0\u00bbPoppins||||||||\u00a0\u00bb text_text_color=\u00a0\u00bb#FFFFFF\u00a0\u00bb text_font_size=\u00a0\u00bb15px\u00a0\u00bb global_colors_info=\u00a0\u00bb{}\u00a0\u00bb]<\/p>\n<p><strong>Immersion et interaction en temps r\u00e9el<\/strong><\/p>\n<p>La classe virtuelle pour infirmier infirmi\u00e8re offre une exp\u00e9rience d\u2019apprentissage immersive et interactive qui se rapproche de l\u2019enseignement en pr\u00e9sentiel. Vous rejoignez une session en ligne avec votre formateur et d\u2019autres apprenants, comme si vous \u00e9tiez tous dans une m\u00eame salle de classe.<\/p>\n<p><strong>Communication et collaboration dynamiques<\/strong><\/p>\n<p>Pendant la session, vous pouvez interagir avec le formateur et les autres participants de mani\u00e8re fluide et dynamique. Vous avez la possibilit\u00e9 de poser des questions, de participer \u00e0 des discussions, de partager vos id\u00e9es et de collaborer \u00e0 des projets en groupe. Un syst\u00e8me de chat permet de communiquer en temps r\u00e9el et de fluidifier les \u00e9changes.<\/p>\n<p><strong>Acc\u00e8s \u00e0 distance et flexibilit\u00e9<\/strong><\/p>\n<p>Contrairement \u00e0 la formation en salle, la classe virtuelle vous offre une grande flexibilit\u00e9. Vous pouvez suivre les cours \u00e0 distance, depuis n\u2019importe o\u00f9 et avec n\u2019importe quel appareil connect\u00e9 \u00e0 internet. Cette flexibilit\u00e9 vous permet de concilier facilement votre apprentissage avec vos obligations personnelles et professionnelles.<\/p>\n<p>[\/et_pb_text][\/et_pb_column][\/et_pb_row][et_pb_row column_structure=\u00a0\u00bb1_3,1_3,1_3&Prime; make_equal=\u00a0\u00bbon\u00a0\u00bb _builder_version=\u00a0\u00bb4.27.5&Prime; _module_preset=\u00a0\u00bbdefault\u00a0\u00bb global_colors_info=\u00a0\u00bb{}\u00a0\u00bb][et_pb_column type=\u00a0\u00bb1_3&Prime; _builder_version=\u00a0\u00bb4.23.1&Prime; _module_preset=\u00a0\u00bbdefault\u00a0\u00bb background_color=\u00a0\u00bbrgba(0,0,0,0.5)\u00a0\u00bb background_image=\u00a0\u00bbhttps:\/\/formation-a-distance-dpc-idel.fr\/wp-content\/uploads\/2024\/10\/RAC.webp\u00a0\u00bb background_blend=\u00a0\u00bboverlay\u00a0\u00bb border_width_all=\u00a0\u00bb8px\u00a0\u00bb border_color_all=\u00a0\u00bbgcid-18fb4515-6598-4c8e-ba5e-c06c3f5797ca\u00a0\u00bb global_colors_info=\u00a0\u00bb{%22gcid-18fb4515-6598-4c8e-ba5e-c06c3f5797ca%22:%91%22border_color_all%22%93}\u00a0\u00bb][et_pb_cta title=\u00a0\u00bbSoins infirmiers lors des sorties pr\u00e9coces apr\u00e8s chirurgies\u00a0\u00bb button_url=\u00a0\u00bbhttps:\/\/medeo-formation.catalogueformpro.com\/15\/classe-virtuelle\/2653978\/2026-2028-soins-infirmiers-lors-des-sorties-precoces-apres-chirurgies-classe-virtuelle\u00a0\u00bb button_text=\u00a0\u00bbInformations\u00a0\u00bb _builder_version=\u00a0\u00bb4.27.5&Prime; _module_preset=\u00a0\u00bbdefault\u00a0\u00bb header_font=\u00a0\u00bb|600||on|||||\u00a0\u00bb header_line_height=\u00a0\u00bb1.3em\u00a0\u00bb background_enable_color=\u00a0\u00bboff\u00a0\u00bb background_enable_image=\u00a0\u00bboff\u00a0\u00bb background_blend=\u00a0\u00bboverlay\u00a0\u00bb global_colors_info=\u00a0\u00bb{}\u00a0\u00bb]<\/p>\n<div class=\"tag\"><span>Formation \u00e0 distance<\/span><\/div>\n<div class=\"tag\"><span>Dur\u00e9e : 14\u00a0heures (2 jours)<\/span><\/div>\n<p>[\/et_pb_cta][\/et_pb_column][et_pb_column type=\u00a0\u00bb1_3&Prime; _builder_version=\u00a0\u00bb4.23.1&Prime; _module_preset=\u00a0\u00bbdefault\u00a0\u00bb background_color=\u00a0\u00bbrgba(0,0,0,0.5)\u00a0\u00bb background_image=\u00a0\u00bbhttps:\/\/formation-a-distance-dpc-idel.fr\/wp-content\/uploads\/2024\/10\/Design-sans-titre-4.jpg\u00a0\u00bb background_blend=\u00a0\u00bboverlay\u00a0\u00bb border_width_all=\u00a0\u00bb8px\u00a0\u00bb border_color_all=\u00a0\u00bbgcid-18fb4515-6598-4c8e-ba5e-c06c3f5797ca\u00a0\u00bb global_colors_info=\u00a0\u00bb{%22gcid-18fb4515-6598-4c8e-ba5e-c06c3f5797ca%22:%91%22border_color_all%22%93}\u00a0\u00bb][et_pb_cta title=\u00a0\u00bbBon usage des m\u00e9dicaments\u00a0\u00bb button_url=\u00a0\u00bbhttps:\/\/medeo-formation.catalogueformpro.com\/15\/classe-virtuelle\u00a0\u00bb button_text=\u00a0\u00bbInformations\u00a0\u00bb _builder_version=\u00a0\u00bb4.27.5&Prime; _module_preset=\u00a0\u00bbdefault\u00a0\u00bb header_font=\u00a0\u00bb|600||on|||||\u00a0\u00bb header_line_height=\u00a0\u00bb1.3em\u00a0\u00bb background_enable_color=\u00a0\u00bboff\u00a0\u00bb background_enable_image=\u00a0\u00bboff\u00a0\u00bb background_blend=\u00a0\u00bboverlay\u00a0\u00bb global_colors_info=\u00a0\u00bb{}\u00a0\u00bb]<\/p>\n<div class=\"tag\"><span>Formation \u00e0 distance<\/span><\/div>\n<div class=\"tag\"><span>Dur\u00e9e : 14 heures (2 jours)<\/span><\/div>\n<p>[\/et_pb_cta][\/et_pb_column][et_pb_column type=\u00a0\u00bb1_3&Prime; _builder_version=\u00a0\u00bb4.27.5&Prime; _module_preset=\u00a0\u00bbdefault\u00a0\u00bb background_color=\u00a0\u00bbrgba(0,0,0,0.5)\u00a0\u00bb background_image=\u00a0\u00bbhttps:\/\/formation-a-distance-dpc-idel.fr\/wp-content\/uploads\/2026\/02\/certif.jpg\u00a0\u00bb background_blend=\u00a0\u00bboverlay\u00a0\u00bb border_width_all=\u00a0\u00bb8px\u00a0\u00bb border_color_all=\u00a0\u00bbgcid-18fb4515-6598-4c8e-ba5e-c06c3f5797ca\u00a0\u00bb global_colors_info=\u00a0\u00bb{%22gcid-18fb4515-6598-4c8e-ba5e-c06c3f5797ca%22:%91%22border_color_all%22%93}\u00a0\u00bb][et_pb_cta title=\u00a0\u00bbCertificats de D\u00e9c\u00e8s\u00a0\u00bb button_url=\u00a0\u00bbhttps:\/\/medeo-formation.catalogueformpro.com\/15\/classe-virtuelle\/2491099\/2026-2028-certificat-de-deces-par-les-infirmiers-classe-virtuelle\u00a0\u00bb button_text=\u00a0\u00bbInformations\u00a0\u00bb _builder_version=\u00a0\u00bb4.27.5&Prime; _module_preset=\u00a0\u00bbdefault\u00a0\u00bb header_font=\u00a0\u00bb|600||on|||||\u00a0\u00bb header_line_height=\u00a0\u00bb1.3em\u00a0\u00bb background_enable_color=\u00a0\u00bboff\u00a0\u00bb background_enable_image=\u00a0\u00bboff\u00a0\u00bb background_blend=\u00a0\u00bboverlay\u00a0\u00bb global_colors_info=\u00a0\u00bb{}\u00a0\u00bb]<\/p>\n<div class=\"tag\"><span>Formation \u00e0 distance<\/span><\/div>\n<div class=\"tag\"><span>Dur\u00e9e : 12 heures (2 jours)<\/span><\/div>\n<p>[\/et_pb_cta][\/et_pb_column][\/et_pb_row][et_pb_row column_structure=\u00a0\u00bb1_3,1_3,1_3&Prime; make_equal=\u00a0\u00bbon\u00a0\u00bb _builder_version=\u00a0\u00bb4.23.1&Prime; _module_preset=\u00a0\u00bbdefault\u00a0\u00bb global_colors_info=\u00a0\u00bb{}\u00a0\u00bb][et_pb_column type=\u00a0\u00bb1_3&Prime; _builder_version=\u00a0\u00bb4.23.1&Prime; _module_preset=\u00a0\u00bbdefault\u00a0\u00bb background_color=\u00a0\u00bbrgba(0,0,0,0.5)\u00a0\u00bb background_image=\u00a0\u00bbhttps:\/\/formation-a-distance-dpc-idel.fr\/wp-content\/uploads\/2024\/10\/Doctor-making-an-injection-462052-1.webp\u00a0\u00bb background_blend=\u00a0\u00bboverlay\u00a0\u00bb border_width_all=\u00a0\u00bb8px\u00a0\u00bb border_color_all=\u00a0\u00bbgcid-18fb4515-6598-4c8e-ba5e-c06c3f5797ca\u00a0\u00bb global_colors_info=\u00a0\u00bb{%22gcid-18fb4515-6598-4c8e-ba5e-c06c3f5797ca%22:%91%22border_color_all%22%93}\u00a0\u00bb][et_pb_cta title=\u00a0\u00bbNGAP et la cotation des actes infirmiers \u00a0\u00bb button_url=\u00a0\u00bbhttps:\/\/medeo-formation.catalogueformpro.com\/15\/classe-virtuelle\/2473883\/2026-2028-classe-virtuelle-ngap-et-la-cotation-des-actes-infirmiers-classe-virtuelle\u00a0\u00bb button_text=\u00a0\u00bbInformations\u00a0\u00bb _builder_version=\u00a0\u00bb4.27.5&Prime; _module_preset=\u00a0\u00bbdefault\u00a0\u00bb header_font=\u00a0\u00bb|600||on|||||\u00a0\u00bb header_line_height=\u00a0\u00bb1.3em\u00a0\u00bb background_enable_color=\u00a0\u00bboff\u00a0\u00bb background_enable_image=\u00a0\u00bboff\u00a0\u00bb background_blend=\u00a0\u00bboverlay\u00a0\u00bb global_colors_info=\u00a0\u00bb{}\u00a0\u00bb]<\/p>\n<div class=\"tag\"><span>Formation \u00e0 distance<\/span><\/div>\n<div class=\"tag\"><span>Dur\u00e9e : 14\u00a0heures (2 jours)<\/span><\/div>\n<p>[\/et_pb_cta][\/et_pb_column][et_pb_column type=\u00a0\u00bb1_3&Prime; _builder_version=\u00a0\u00bb4.23.1&Prime; _module_preset=\u00a0\u00bbdefault\u00a0\u00bb background_color=\u00a0\u00bbrgba(0,0,0,0.5)\u00a0\u00bb background_image=\u00a0\u00bbhttps:\/\/formation-a-distance-dpc-idel.fr\/wp-content\/uploads\/2024\/10\/sante-digital.webp\u00a0\u00bb background_blend=\u00a0\u00bboverlay\u00a0\u00bb border_width_all=\u00a0\u00bb8px\u00a0\u00bb border_color_all=\u00a0\u00bbgcid-18fb4515-6598-4c8e-ba5e-c06c3f5797ca\u00a0\u00bb global_colors_info=\u00a0\u00bb{%22gcid-18fb4515-6598-4c8e-ba5e-c06c3f5797ca%22:%91%22border_color_all%22%93}\u00a0\u00bb][et_pb_cta title=\u00a0\u00bbNum\u00e9rique en sant\u00e9\u00a0\u00bb button_url=\u00a0\u00bbhttps:\/\/medeo-formation.catalogueformpro.com\/15\/classe-virtuelle\u00a0\u00bb button_text=\u00a0\u00bbInformations\u00a0\u00bb _builder_version=\u00a0\u00bb4.27.5&Prime; _module_preset=\u00a0\u00bbdefault\u00a0\u00bb header_font=\u00a0\u00bb|600||on|||||\u00a0\u00bb header_line_height=\u00a0\u00bb1.3em\u00a0\u00bb background_enable_color=\u00a0\u00bboff\u00a0\u00bb background_enable_image=\u00a0\u00bboff\u00a0\u00bb background_blend=\u00a0\u00bboverlay\u00a0\u00bb global_colors_info=\u00a0\u00bb{}\u00a0\u00bb]<\/p>\n<div class=\"tag\"><span>Formation \u00e0 distance<\/span><\/div>\n<div class=\"tag\"><span>Dur\u00e9e : 14 heures (1 jour)<\/span><\/div>\n<p>[\/et_pb_cta][\/et_pb_column][et_pb_column type=\u00a0\u00bb1_3&Prime; _builder_version=\u00a0\u00bb4.23.1&Prime; _module_preset=\u00a0\u00bbdefault\u00a0\u00bb background_color=\u00a0\u00bbrgba(0,0,0,0.5)\u00a0\u00bb background_image=\u00a0\u00bbhttps:\/\/formation-a-distance-dpc-idel.fr\/wp-content\/uploads\/2024\/10\/Design-sans-titre-80.png\u00a0\u00bb background_blend=\u00a0\u00bboverlay\u00a0\u00bb border_width_all=\u00a0\u00bb8px\u00a0\u00bb border_color_all=\u00a0\u00bbgcid-18fb4515-6598-4c8e-ba5e-c06c3f5797ca\u00a0\u00bb global_colors_info=\u00a0\u00bb{%22gcid-18fb4515-6598-4c8e-ba5e-c06c3f5797ca%22:%91%22border_color_all%22%93}\u00a0\u00bb][et_pb_cta title=\u00a0\u00bbRaisonnement clinique et bilan de soins infirmiers &#8211; BSI \u00a0\u00bb button_url=\u00a0\u00bbhttps:\/\/medeo-formation.catalogueformpro.com\/15\/classe-virtuelle\/2491131\/2026-2028-raisonnement-clinique-et-bilan-de-soins-infirmiers-bsi-classe-virtuelle\u00a0\u00bb button_text=\u00a0\u00bbInformations\u00a0\u00bb _builder_version=\u00a0\u00bb4.27.5&Prime; _module_preset=\u00a0\u00bbdefault\u00a0\u00bb header_font=\u00a0\u00bb|600||on|||||\u00a0\u00bb header_line_height=\u00a0\u00bb1.3em\u00a0\u00bb background_enable_color=\u00a0\u00bboff\u00a0\u00bb background_enable_image=\u00a0\u00bboff\u00a0\u00bb background_blend=\u00a0\u00bboverlay\u00a0\u00bb global_colors_info=\u00a0\u00bb{}\u00a0\u00bb]<\/p>\n<div class=\"tag\"><span>Formation \u00e0 distance<\/span><\/div>\n<div class=\"tag\"><span>Dur\u00e9e : 7 heures (2 jours)<\/span><\/div>\n<p>[\/et_pb_cta][\/et_pb_column][\/et_pb_row][et_pb_row column_structure=\u00a0\u00bb1_3,1_3,1_3&Prime; make_equal=\u00a0\u00bbon\u00a0\u00bb module_id=\u00a0\u00bbpoint1&Prime; _builder_version=\u00a0\u00bb4.23.1&Prime; _module_preset=\u00a0\u00bbdefault\u00a0\u00bb global_colors_info=\u00a0\u00bb{}\u00a0\u00bb][et_pb_column type=\u00a0\u00bb1_3&Prime; _builder_version=\u00a0\u00bb4.23.1&Prime; _module_preset=\u00a0\u00bbdefault\u00a0\u00bb background_color=\u00a0\u00bbrgba(0,0,0,0.5)\u00a0\u00bb background_image=\u00a0\u00bbhttps:\/\/formation-a-distance-dpc-idel.fr\/wp-content\/uploads\/2024\/10\/Capture-decran-2022-10-24-a-15.03.02.webp\u00a0\u00bb background_blend=\u00a0\u00bboverlay\u00a0\u00bb border_width_all=\u00a0\u00bb8px\u00a0\u00bb border_color_all=\u00a0\u00bbgcid-18fb4515-6598-4c8e-ba5e-c06c3f5797ca\u00a0\u00bb global_colors_info=\u00a0\u00bb{%22gcid-18fb4515-6598-4c8e-ba5e-c06c3f5797ca%22:%91%22border_color_all%22%93}\u00a0\u00bb][et_pb_cta title=\u00a0\u00bbD\u00e9pistage et prise en charge des maladies neurod\u00e9g\u00e9n\u00e9ratives\u00a0\u00bb button_url=\u00a0\u00bbhttps:\/\/medeo-formation.catalogueformpro.com\/15\/classe-virtuelle\u00a0\u00bb button_text=\u00a0\u00bbInformations\u00a0\u00bb _builder_version=\u00a0\u00bb4.27.5&Prime; _module_preset=\u00a0\u00bbdefault\u00a0\u00bb header_font=\u00a0\u00bb|600||on|||||\u00a0\u00bb header_line_height=\u00a0\u00bb1.3em\u00a0\u00bb background_enable_color=\u00a0\u00bboff\u00a0\u00bb background_enable_image=\u00a0\u00bboff\u00a0\u00bb background_blend=\u00a0\u00bboverlay\u00a0\u00bb global_colors_info=\u00a0\u00bb{}\u00a0\u00bb]<\/p>\n<div class=\"tag\"><span>Formation \u00e0 distance<\/span><\/div>\n<div class=\"tag\"><span>Dur\u00e9e : 14\u00a0heures (2 jours)<\/span><\/div>\n<p>[\/et_pb_cta][\/et_pb_column][et_pb_column type=\u00a0\u00bb1_3&Prime; _builder_version=\u00a0\u00bb4.23.1&Prime; _module_preset=\u00a0\u00bbdefault\u00a0\u00bb background_color=\u00a0\u00bbrgba(0,0,0,0.5)\u00a0\u00bb background_image=\u00a0\u00bbhttps:\/\/formation-a-distance-dpc-idel.fr\/wp-content\/uploads\/2024\/10\/Creative-flat-lay-with-diet-concept-1421454.webp\u00a0\u00bb background_blend=\u00a0\u00bboverlay\u00a0\u00bb border_width_all=\u00a0\u00bb8px\u00a0\u00bb border_color_all=\u00a0\u00bbgcid-18fb4515-6598-4c8e-ba5e-c06c3f5797ca\u00a0\u00bb global_colors_info=\u00a0\u00bb{%22gcid-18fb4515-6598-4c8e-ba5e-c06c3f5797ca%22:%91%22border_color_all%22%93}\u00a0\u00bb][et_pb_cta title=\u00a0\u00bbRep\u00e9rage et prise en charge du surpoids et de l\u2019ob\u00e9sit\u00e9 de l\u2019adulte par l\u2019infirmier\u00a0\u00bb button_url=\u00a0\u00bbhttps:\/\/medeo-formation.catalogueformpro.com\/15\/classe-virtuelle\/2490984\/2026-2028-reperage-et-prise-en-charge-du-risque-cardio-vasculaire-par-linfirmier-hta-et-diabete-clas\u00a0\u00bb button_text=\u00a0\u00bbInformations\u00a0\u00bb _builder_version=\u00a0\u00bb4.27.5&Prime; _module_preset=\u00a0\u00bbdefault\u00a0\u00bb header_font=\u00a0\u00bb|600||on|||||\u00a0\u00bb header_line_height=\u00a0\u00bb1.3em\u00a0\u00bb background_enable_color=\u00a0\u00bboff\u00a0\u00bb background_enable_image=\u00a0\u00bboff\u00a0\u00bb background_blend=\u00a0\u00bboverlay\u00a0\u00bb global_colors_info=\u00a0\u00bb{}\u00a0\u00bb]<\/p>\n<div class=\"tag\"><span>Formation \u00e0 distance<\/span><\/div>\n<div class=\"tag\"><span>Dur\u00e9e : 14\u00a0heures (2 jours)<\/span><\/div>\n<p>[\/et_pb_cta][\/et_pb_column][et_pb_column type=\u00a0\u00bb1_3&Prime; _builder_version=\u00a0\u00bb4.23.1&Prime; _module_preset=\u00a0\u00bbdefault\u00a0\u00bb background_color=\u00a0\u00bbrgba(0,0,0,0.5)\u00a0\u00bb background_image=\u00a0\u00bbhttps:\/\/formation-a-distance-dpc-idel.fr\/wp-content\/uploads\/2024\/10\/Doctor-making-an-injection-462052.webp\u00a0\u00bb background_blend=\u00a0\u00bboverlay\u00a0\u00bb border_width_all=\u00a0\u00bb8px\u00a0\u00bb border_color_all=\u00a0\u00bbgcid-18fb4515-6598-4c8e-ba5e-c06c3f5797ca\u00a0\u00bb global_colors_info=\u00a0\u00bb{%22gcid-18fb4515-6598-4c8e-ba5e-c06c3f5797ca%22:%91%22border_color_all%22%93}\u00a0\u00bb][et_pb_cta title=\u00a0\u00bbPromotion de la vaccination et am\u00e9lioration de la couverture vaccinale\u00a0\u00bb button_url=\u00a0\u00bbhttps:\/\/medeo-formation.catalogueformpro.com\/15\/classe-virtuelle\/2473890\/2026-2028-classe-virtuelle-ide-promotion-de-la-vaccination-et-amelioration-de-la-couverture-vaccinal\u00a0\u00bb button_text=\u00a0\u00bbInformations\u00a0\u00bb _builder_version=\u00a0\u00bb4.27.5&Prime; _module_preset=\u00a0\u00bbdefault\u00a0\u00bb header_font=\u00a0\u00bb|600||on|||||\u00a0\u00bb header_line_height=\u00a0\u00bb1.3em\u00a0\u00bb background_enable_color=\u00a0\u00bboff\u00a0\u00bb background_enable_image=\u00a0\u00bboff\u00a0\u00bb background_blend=\u00a0\u00bboverlay\u00a0\u00bb global_colors_info=\u00a0\u00bb{}\u00a0\u00bb]<\/p>\n<div class=\"tag\"><span>Formation \u00e0 distance<\/span><\/div>\n<div class=\"tag\"><span>Dur\u00e9e : 14\u00a0heures (2 jours)<\/span><\/div>\n<p>[\/et_pb_cta][\/et_pb_column][\/et_pb_row][et_pb_row column_structure=\u00a0\u00bb1_3,1_3,1_3&Prime; make_equal=\u00a0\u00bbon\u00a0\u00bb _builder_version=\u00a0\u00bb4.23.1&Prime; _module_preset=\u00a0\u00bbdefault\u00a0\u00bb global_colors_info=\u00a0\u00bb{}\u00a0\u00bb][et_pb_column type=\u00a0\u00bb1_3&Prime; _builder_version=\u00a0\u00bb4.23.1&Prime; _module_preset=\u00a0\u00bbdefault\u00a0\u00bb background_color=\u00a0\u00bbrgba(0,0,0,0.5)\u00a0\u00bb background_image=\u00a0\u00bbhttps:\/\/formation-a-distance-dpc-idel.fr\/wp-content\/uploads\/2024\/10\/soins-palliatifs.jpg.webp\u00a0\u00bb background_blend=\u00a0\u00bboverlay\u00a0\u00bb border_width_all=\u00a0\u00bb8px\u00a0\u00bb border_color_all=\u00a0\u00bbgcid-18fb4515-6598-4c8e-ba5e-c06c3f5797ca\u00a0\u00bb global_colors_info=\u00a0\u00bb{%22gcid-18fb4515-6598-4c8e-ba5e-c06c3f5797ca%22:%91%22border_color_all%22%93}\u00a0\u00bb][et_pb_cta title=\u00a0\u00bbPrise en charge coordonn\u00e9e des soins palliatifs \u00e0 domicile\u00a0\u00bb button_url=\u00a0\u00bbhttps:\/\/medeo-formation.catalogueformpro.com\/15\/classe-virtuelle\/2473896\/2026-2028-classe-virtuelle-la-prise-en-charge-coordonnee-des-soins-palliatifs-a-domicile-classe-virt\u00a0\u00bb button_text=\u00a0\u00bbInformations\u00a0\u00bb _builder_version=\u00a0\u00bb4.27.5&Prime; _module_preset=\u00a0\u00bbdefault\u00a0\u00bb header_font=\u00a0\u00bb|600||on|||||\u00a0\u00bb header_line_height=\u00a0\u00bb1.3em\u00a0\u00bb background_enable_color=\u00a0\u00bboff\u00a0\u00bb background_enable_image=\u00a0\u00bboff\u00a0\u00bb background_blend=\u00a0\u00bboverlay\u00a0\u00bb global_colors_info=\u00a0\u00bb{}\u00a0\u00bb]<\/p>\n<div class=\"tag\"><span>Formation \u00e0 distance<\/span><\/div>\n<div class=\"tag\"><span>Dur\u00e9e : 14\u00a0heures (2 jours)<\/span><\/div>\n<p>[\/et_pb_cta][\/et_pb_column][et_pb_column type=\u00a0\u00bb1_3&Prime; _builder_version=\u00a0\u00bb4.23.1&Prime; _module_preset=\u00a0\u00bbdefault\u00a0\u00bb background_color=\u00a0\u00bbrgba(0,0,0,0.5)\u00a0\u00bb background_image=\u00a0\u00bbhttps:\/\/formation-a-distance-dpc-idel.fr\/wp-content\/uploads\/2024\/10\/Isolated-cigarettes-854220.webp\u00a0\u00bb background_blend=\u00a0\u00bboverlay\u00a0\u00bb border_width_all=\u00a0\u00bb8px\u00a0\u00bb border_color_all=\u00a0\u00bbgcid-18fb4515-6598-4c8e-ba5e-c06c3f5797ca\u00a0\u00bb global_colors_info=\u00a0\u00bb{%22gcid-18fb4515-6598-4c8e-ba5e-c06c3f5797ca%22:%91%22border_color_all%22%93}\u00a0\u00bb][et_pb_cta title=\u00a0\u00bbsevrage tabagique du patient suivi par une infirmi\u00e8re lib\u00e9rale\u00a0\u00bb button_url=\u00a0\u00bbhttps:\/\/medeo-formation.catalogueformpro.com\/15\/classe-virtuelle\u00a0\u00bb button_text=\u00a0\u00bbInformations\u00a0\u00bb _builder_version=\u00a0\u00bb4.27.5&Prime; _module_preset=\u00a0\u00bbdefault\u00a0\u00bb header_font=\u00a0\u00bb|600||on|||||\u00a0\u00bb header_line_height=\u00a0\u00bb1.3em\u00a0\u00bb background_enable_color=\u00a0\u00bboff\u00a0\u00bb background_enable_image=\u00a0\u00bboff\u00a0\u00bb background_blend=\u00a0\u00bboverlay\u00a0\u00bb hover_enabled=\u00a0\u00bb0&Prime; global_colors_info=\u00a0\u00bb{}\u00a0\u00bb sticky_enabled=\u00a0\u00bb0&Prime;]<\/p>\n<div class=\"tag\"><span>Formation \u00e0 distance<\/span><\/div>\n<div class=\"tag\"><span>Dur\u00e9e : 7 heures (1 jour)<\/span><\/div>\n<p>[\/et_pb_cta][\/et_pb_column][et_pb_column type=\u00a0\u00bb1_3&Prime; _builder_version=\u00a0\u00bb4.23.1&Prime; _module_preset=\u00a0\u00bbdefault\u00a0\u00bb background_color=\u00a0\u00bbrgba(0,0,0,0.5)\u00a0\u00bb background_image=\u00a0\u00bbhttps:\/\/formation-a-distance-dpc-idel.fr\/wp-content\/uploads\/2024\/10\/alkoghol-2714482_1280-1.webp\u00a0\u00bb background_blend=\u00a0\u00bboverlay\u00a0\u00bb border_width_all=\u00a0\u00bb8px\u00a0\u00bb border_color_all=\u00a0\u00bbgcid-18fb4515-6598-4c8e-ba5e-c06c3f5797ca\u00a0\u00bb global_colors_info=\u00a0\u00bb{%22gcid-18fb4515-6598-4c8e-ba5e-c06c3f5797ca%22:%91%22border_color_all%22%93}\u00a0\u00bb][et_pb_cta title=\u00a0\u00bbL&rsquo;infirmi\u00e8re face aux conduites addictives\u00a0\u00bb button_url=\u00a0\u00bbhttps:\/\/medeo-formation.catalogueformpro.com\/15\/classe-virtuelle\u00a0\u00bb button_text=\u00a0\u00bbInformations\u00a0\u00bb _builder_version=\u00a0\u00bb4.27.5&Prime; _module_preset=\u00a0\u00bbdefault\u00a0\u00bb header_font=\u00a0\u00bb|600||on|||||\u00a0\u00bb header_line_height=\u00a0\u00bb1.3em\u00a0\u00bb background_enable_color=\u00a0\u00bboff\u00a0\u00bb background_enable_image=\u00a0\u00bboff\u00a0\u00bb background_blend=\u00a0\u00bboverlay\u00a0\u00bb hover_enabled=\u00a0\u00bb0&Prime; global_colors_info=\u00a0\u00bb{}\u00a0\u00bb sticky_enabled=\u00a0\u00bb0&Prime;]<\/p>\n<div class=\"tag\"><span>Formation \u00e0 distance<\/span><\/div>\n<div class=\"tag\"><span>Dur\u00e9e : 14\u00a0heures (2 jours)<\/span><\/div>\n<p>[\/et_pb_cta][\/et_pb_column][\/et_pb_row][\/et_pb_section]<\/p>\n","protected":false},"excerpt":{"rendered":"<p>Formation DPC IDEL en classe virtuelleMEDEO Formation, vous propose une formation compl\u00e8te en classe virtuelle pour infirmier infirmi\u00e8re. Nos formations en ligne vous donnent les cl\u00e9s pour acqu\u00e9rir de nouvelles connaissances. Cette formation est accessible aux infirmiers lib\u00e9raux \u00e9ligible au FIF-PL, financement personnel et DPC.*sous r\u00e9serve de l\u2019enveloppe budg\u00e9taire et de votre droit \u00e0 tirage [&hellip;]<\/p>\n","protected":false},"author":1,"featured_media":0,"parent":0,"menu_order":0,"comment_status":"closed","ping_status":"closed","template":"","meta":{"_et_pb_use_builder":"on","_et_pb_old_content":"","_et_gb_content_width":"","footnotes":""},"class_list":["post-987511295","page","type-page","status-publish","hentry"],"yoast_head":"<!-- This site is optimized with the Yoast SEO plugin v27.3 - https:\/\/yoast.com\/product\/yoast-seo-wordpress\/ -->\n<title>Formation classe virtuelle - Formation DPC IDEL infirmier infirmi\u00e8re<\/title>\n<meta name=\"description\" content=\"Formation DPC IDEL en classe virtuelle pour infirmier infirmi\u00e8re. Avec la classe virtuelle, vous vous formez \u00e0 distance.\" \/>\n<meta name=\"robots\" content=\"index, follow, max-snippet:-1, max-image-preview:large, max-video-preview:-1\" \/>\n<link rel=\"canonical\" href=\"https:\/\/formation-a-distance-dpc-idel.fr\/index.php\/formation-classe-virtuelle\/\" \/>\n<meta property=\"og:locale\" content=\"fr_FR\" \/>\n<meta property=\"og:type\" content=\"article\" \/>\n<meta property=\"og:title\" content=\"Formation classe virtuelle - Formation DPC IDEL infirmier infirmi\u00e8re\" \/>\n<meta property=\"og:description\" content=\"Formation DPC IDEL en classe virtuelle pour infirmier infirmi\u00e8re. Avec la classe virtuelle, vous vous formez \u00e0 distance.\" \/>\n<meta property=\"og:url\" content=\"https:\/\/formation-a-distance-dpc-idel.fr\/index.php\/formation-classe-virtuelle\/\" \/>\n<meta property=\"og:site_name\" content=\"Formation DPC IDEL\" \/>\n<meta property=\"article:modified_time\" content=\"2026-02-20T14:49:28+00:00\" \/>\n<meta name=\"twitter:card\" content=\"summary_large_image\" \/>\n<meta name=\"twitter:label1\" content=\"Dur\u00e9e de lecture estim\u00e9e\" \/>\n\t<meta name=\"twitter:data1\" content=\"2 minutes\" \/>\n<script type=\"application\/ld+json\" class=\"yoast-schema-graph\">{\"@context\":\"https:\\\/\\\/schema.org\",\"@graph\":[{\"@type\":\"WebPage\",\"@id\":\"https:\\\/\\\/formation-a-distance-dpc-idel.fr\\\/index.php\\\/formation-classe-virtuelle\\\/\",\"url\":\"https:\\\/\\\/formation-a-distance-dpc-idel.fr\\\/index.php\\\/formation-classe-virtuelle\\\/\",\"name\":\"Formation classe virtuelle - Formation DPC IDEL infirmier infirmi\u00e8re\",\"isPartOf\":{\"@id\":\"https:\\\/\\\/formation-a-distance-dpc-idel.fr\\\/#website\"},\"datePublished\":\"2024-10-22T13:47:22+00:00\",\"dateModified\":\"2026-02-20T14:49:28+00:00\",\"description\":\"Formation DPC IDEL en classe virtuelle pour infirmier infirmi\u00e8re. Avec la classe virtuelle, vous vous formez \u00e0 distance.\",\"breadcrumb\":{\"@id\":\"https:\\\/\\\/formation-a-distance-dpc-idel.fr\\\/index.php\\\/formation-classe-virtuelle\\\/#breadcrumb\"},\"inLanguage\":\"fr-FR\",\"potentialAction\":[{\"@type\":\"ReadAction\",\"target\":[\"https:\\\/\\\/formation-a-distance-dpc-idel.fr\\\/index.php\\\/formation-classe-virtuelle\\\/\"]}]},{\"@type\":\"BreadcrumbList\",\"@id\":\"https:\\\/\\\/formation-a-distance-dpc-idel.fr\\\/index.php\\\/formation-classe-virtuelle\\\/#breadcrumb\",\"itemListElement\":[{\"@type\":\"ListItem\",\"position\":1,\"name\":\"Accueil\",\"item\":\"https:\\\/\\\/formation-a-distance-dpc-idel.fr\\\/\"},{\"@type\":\"ListItem\",\"position\":2,\"name\":\"Formation classe virtuelle\"}]},{\"@type\":\"WebSite\",\"@id\":\"https:\\\/\\\/formation-a-distance-dpc-idel.fr\\\/#website\",\"url\":\"https:\\\/\\\/formation-a-distance-dpc-idel.fr\\\/\",\"name\":\"Formation DPC IDEL\",\"description\":\"E-learning - \u00e0 distance\",\"potentialAction\":[{\"@type\":\"SearchAction\",\"target\":{\"@type\":\"EntryPoint\",\"urlTemplate\":\"https:\\\/\\\/formation-a-distance-dpc-idel.fr\\\/?s={search_term_string}\"},\"query-input\":{\"@type\":\"PropertyValueSpecification\",\"valueRequired\":true,\"valueName\":\"search_term_string\"}}],\"inLanguage\":\"fr-FR\"}]}<\/script>\n<!-- \/ Yoast SEO plugin. -->","yoast_head_json":{"title":"Formation classe virtuelle - Formation DPC IDEL infirmier infirmi\u00e8re","description":"Formation DPC IDEL en classe virtuelle pour infirmier infirmi\u00e8re. Avec la classe virtuelle, vous vous formez \u00e0 distance.","robots":{"index":"index","follow":"follow","max-snippet":"max-snippet:-1","max-image-preview":"max-image-preview:large","max-video-preview":"max-video-preview:-1"},"canonical":"https:\/\/formation-a-distance-dpc-idel.fr\/index.php\/formation-classe-virtuelle\/","og_locale":"fr_FR","og_type":"article","og_title":"Formation classe virtuelle - Formation DPC IDEL infirmier infirmi\u00e8re","og_description":"Formation DPC IDEL en classe virtuelle pour infirmier infirmi\u00e8re. Avec la classe virtuelle, vous vous formez \u00e0 distance.","og_url":"https:\/\/formation-a-distance-dpc-idel.fr\/index.php\/formation-classe-virtuelle\/","og_site_name":"Formation DPC IDEL","article_modified_time":"2026-02-20T14:49:28+00:00","twitter_card":"summary_large_image","twitter_misc":{"Dur\u00e9e de lecture estim\u00e9e":"2 minutes"},"schema":{"@context":"https:\/\/schema.org","@graph":[{"@type":"WebPage","@id":"https:\/\/formation-a-distance-dpc-idel.fr\/index.php\/formation-classe-virtuelle\/","url":"https:\/\/formation-a-distance-dpc-idel.fr\/index.php\/formation-classe-virtuelle\/","name":"Formation classe virtuelle - Formation DPC IDEL infirmier infirmi\u00e8re","isPartOf":{"@id":"https:\/\/formation-a-distance-dpc-idel.fr\/#website"},"datePublished":"2024-10-22T13:47:22+00:00","dateModified":"2026-02-20T14:49:28+00:00","description":"Formation DPC IDEL en classe virtuelle pour infirmier infirmi\u00e8re. Avec la classe virtuelle, vous vous formez \u00e0 distance.","breadcrumb":{"@id":"https:\/\/formation-a-distance-dpc-idel.fr\/index.php\/formation-classe-virtuelle\/#breadcrumb"},"inLanguage":"fr-FR","potentialAction":[{"@type":"ReadAction","target":["https:\/\/formation-a-distance-dpc-idel.fr\/index.php\/formation-classe-virtuelle\/"]}]},{"@type":"BreadcrumbList","@id":"https:\/\/formation-a-distance-dpc-idel.fr\/index.php\/formation-classe-virtuelle\/#breadcrumb","itemListElement":[{"@type":"ListItem","position":1,"name":"Accueil","item":"https:\/\/formation-a-distance-dpc-idel.fr\/"},{"@type":"ListItem","position":2,"name":"Formation classe virtuelle"}]},{"@type":"WebSite","@id":"https:\/\/formation-a-distance-dpc-idel.fr\/#website","url":"https:\/\/formation-a-distance-dpc-idel.fr\/","name":"Formation DPC IDEL","description":"E-learning - \u00e0 distance","potentialAction":[{"@type":"SearchAction","target":{"@type":"EntryPoint","urlTemplate":"https:\/\/formation-a-distance-dpc-idel.fr\/?s={search_term_string}"},"query-input":{"@type":"PropertyValueSpecification","valueRequired":true,"valueName":"search_term_string"}}],"inLanguage":"fr-FR"}]}},"_links":{"self":[{"href":"https:\/\/formation-a-distance-dpc-idel.fr\/index.php\/wp-json\/wp\/v2\/pages\/987511295","targetHints":{"allow":["GET"]}}],"collection":[{"href":"https:\/\/formation-a-distance-dpc-idel.fr\/index.php\/wp-json\/wp\/v2\/pages"}],"about":[{"href":"https:\/\/formation-a-distance-dpc-idel.fr\/index.php\/wp-json\/wp\/v2\/types\/page"}],"author":[{"embeddable":true,"href":"https:\/\/formation-a-distance-dpc-idel.fr\/index.php\/wp-json\/wp\/v2\/users\/1"}],"replies":[{"embeddable":true,"href":"https:\/\/formation-a-distance-dpc-idel.fr\/index.php\/wp-json\/wp\/v2\/comments?post=987511295"}],"version-history":[{"count":29,"href":"https:\/\/formation-a-distance-dpc-idel.fr\/index.php\/wp-json\/wp\/v2\/pages\/987511295\/revisions"}],"predecessor-version":[{"id":987511770,"href":"https:\/\/formation-a-distance-dpc-idel.fr\/index.php\/wp-json\/wp\/v2\/pages\/987511295\/revisions\/987511770"}],"wp:attachment":[{"href":"https:\/\/formation-a-distance-dpc-idel.fr\/index.php\/wp-json\/wp\/v2\/media?parent=987511295"}],"curies":[{"name":"wp","href":"https:\/\/api.w.org\/{rel}","templated":true}]}}